{"id":553,"date":"2018-05-31T11:25:35","date_gmt":"2018-05-31T09:25:35","guid":{"rendered":"http:\/\/s597688454.mialojamiento.es\/grabalosa\/?page_id=20"},"modified":"2022-05-26T09:51:41","modified_gmt":"2022-05-26T07:51:41","slug":"portes-de-garatge","status":"publish","type":"page","link":"https:\/\/grabalosa.com\/portes\/productes-portes\/portes-de-garatge\/","title":{"rendered":"Portes de garatge"},"content":{"rendered":"<div class=\"wpb-content-wrapper\"><p>[vc_row css_animation=&#8221;&#8221; row_type=&#8221;row&#8221; use_row_as_full_screen_section=&#8221;no&#8221; type=&#8221;grid&#8221; angled_section=&#8221;no&#8221; text_align=&#8221;left&#8221; background_image_as_pattern=&#8221;without_pattern&#8221; css=&#8221;.vc_custom_1550494559291{margin-bottom: 10px !important;background-color: #d9d9d9 !important;}&#8221; z_index=&#8221;&#8221; el_class=&#8221;multiproducte titol-producte-30 modul-6 flex-section-stretch m6-450 m6-lg-500 m6-md-530&#8243;][vc_column width=&#8221;1\/2&#8243; el_class=&#8221;imatge-fullw2&#8243; css=&#8221;.vc_custom_1596622001474{padding-top: 70px !important;padding-bottom: 70px !important;background-image: url(https:\/\/grabalosa.com\/portes\/wp-content\/uploads\/sites\/2\/2018\/11\/01b-portes-garatge-seccionals-grabalosa-portes.jpg?id=2761) !important;background-position: center !important;background-repeat: no-repeat !important;background-size: cover !important;}&#8221; offset=&#8221;vc_col-lg-6 vc_col-md-6 vc_col-xs-12&#8243;][\/vc_column][vc_column css_animation=&#8221;right-to-left&#8221; width=&#8221;1\/2&#8243; el_class=&#8221;text-m6&#8243; css=&#8221;.vc_custom_1585565215423{padding-top: 70px !important;padding-bottom: 70px !important;padding-left: 70px !important;}&#8221; offset=&#8221;vc_col-lg-6 vc_col-md-6 vc_col-xs-12&#8243;][vc_column_text]<\/p>\n<h2 class=\"h1\">Portes de garatge<br \/>\n<span class=\"w-400\">seccionals<\/span><\/h2>\n<p>Portes amb una llarga vida \u00fatil, de construcci\u00f3 molt simple per\u00f2 molt robusta i que pr\u00e0cticament no requereix manteniment. Ideal per a comunitats de veins o llocs de intensa activitat.[\/vc_column_text][vc_column_text el_class=&#8221;icones-text-2l&#8221;]<\/p>\n<ul>\n<li><img decoding=\"async\" class=\"icona icona-s cercle optimitzacio\" src=\"https:\/\/grabalosa.com\/portes\/wp-content\/uploads\/sites\/2\/2018\/11\/optimitzacio-espai.svg\" alt=\"Optimitzaci\u00f3 de l'espai\" \/><span class=\"no-marxis\">Optimitzaci\u00f3 de l&#8217;espai<\/span><\/li>\n<li><img decoding=\"async\" class=\"icona icona-s cercle silencios\" src=\"https:\/\/grabalosa.com\/portes\/wp-content\/uploads\/sites\/2\/2018\/11\/funcionament-solencios.svg\" alt=\"Funcionament silenci\u00f3s\" \/><span class=\"no-marxis\">Funcionament silenci\u00f3s<\/span><\/li>\n<\/ul>\n<p>[\/vc_column_text]<a  itemprop=\"url\" href=\"https:\/\/grabalosa.com\/portes\/productes-portes\/portes-de-garatge\/portes-de-garatge-seccionals\/\" target=\"_self\" data-hover-background-color=\"#1d1d1b\" data-hover-border-color=\"#1d1d1b\" data-hover-color=\"#ffffff\" class=\"qbutton  small center white default boto-multiproducte\" style=\"color: #1d1d1b; border-color: #1d1d1b; border-radius: 3px;-moz-border-radius: 3px;-webkit-border-radius: 3px; \">M\u00c9S INFORMACI\u00d3<\/a>[\/vc_column][\/vc_row][vc_row css_animation=&#8221;&#8221; row_type=&#8221;row&#8221; use_row_as_full_screen_section=&#8221;no&#8221; type=&#8221;full_width&#8221; angled_section=&#8221;no&#8221; text_align=&#8221;left&#8221; background_image_as_pattern=&#8221;without_pattern&#8221; transition_delay=&#8221;0.2&#8243; css=&#8221;.vc_custom_1550270419701{margin-bottom: 10px !important;padding-top: 0px !important;padding-bottom: 0px !important;background-color: #d9d9d9 !important;}&#8221; z_index=&#8221;&#8221; el_class=&#8221;multiproducte titol-producte-30 modul-6m&#8221;][vc_column css_animation=&#8221;left-to-right&#8221; width=&#8221;1\/2&#8243; el_class=&#8221;text-m6l&#8221; css=&#8221;.vc_custom_1550269351848{padding-top: 50px !important;padding-bottom: 50px !important;}&#8221; offset=&#8221;vc_col-lg-6 vc_hidden-lg vc_col-md-6 vc_hidden-md vc_hidden-sm vc_col-xs-12&#8243;][vc_column_text]<\/p>\n<h2 class=\"h1\">Portes de garatge<br \/>\n<span class=\"w-400\">seccionals<\/span><\/h2>\n<p>Portes amb una llarga vida \u00fatil, de construcci\u00f3 molt simple per\u00f2 molt robusta i que pr\u00e0cticament no requereix manteniment. Ideal per a comunitats de veins o llocs de intensa activitat.[\/vc_column_text][vc_column_text el_class=&#8221;icones-text-2l&#8221;]<\/p>\n<ul>\n<li><img decoding=\"async\" class=\"icona icona-s cercle optimitzacio\" src=\"https:\/\/grabalosa.com\/portes\/wp-content\/uploads\/sites\/2\/2018\/11\/optimitzacio-espai.svg\" alt=\"Optimitzaci\u00f3 de l'espai\" \/><span class=\"no-marxis\">Optimitzaci\u00f3 de l&#8217;espai<\/span><\/li>\n<li><img decoding=\"async\" class=\"icona icona-s cercle silencios\" src=\"https:\/\/grabalosa.com\/portes\/wp-content\/uploads\/sites\/2\/2018\/11\/funcionament-solencios.svg\" alt=\"Funcionament silenci\u00f3s\" \/><span class=\"no-marxis\">Funcionament silenci\u00f3s<\/span><\/li>\n<\/ul>\n<p>[\/vc_column_text]<a  itemprop=\"url\" href=\"https:\/\/grabalosa.com\/portes\/productes-portes\/portes-de-garatge\/portes-de-garatge-seccionals\/\" target=\"_self\" data-hover-background-color=\"#1d1d1b\" data-hover-border-color=\"#1d1d1b\" data-hover-color=\"#ffffff\" class=\"qbutton  small center white default boto-multiproducte\" style=\"color: #1d1d1b; border-color: #1d1d1b; border-radius: 3px;-moz-border-radius: 3px;-webkit-border-radius: 3px; \">M\u00c9S INFORMACI\u00d3<\/a>[\/vc_column][vc_column width=&#8221;1\/2&#8243; el_class=&#8221;imatge-fullw&#8221; css=&#8221;.vc_custom_1550269236957{padding-top: 70px !important;padding-bottom: 70px !important;background-image: url(https:\/\/grabalosa.com\/portes\/wp-content\/uploads\/sites\/2\/2018\/11\/01b-portes-garatge-seccionals-grabalosa-portes.jpg?id=2761) !important;background-position: center !important;background-repeat: no-repeat !important;background-size: cover !important;}&#8221; offset=&#8221;vc_col-lg-6 vc_hidden-lg vc_col-md-6 vc_hidden-md vc_hidden-sm vc_col-xs-12&#8243;][\/vc_column][\/vc_row][vc_row css_animation=&#8221;&#8221; row_type=&#8221;row&#8221; use_row_as_full_screen_section=&#8221;no&#8221; type=&#8221;grid&#8221; angled_section=&#8221;no&#8221; text_align=&#8221;left&#8221; background_image_as_pattern=&#8221;without_pattern&#8221; transition_delay=&#8221;0.2&#8243; css=&#8221;.vc_custom_1550494597834{margin-bottom: 10px !important;background-color: #f5f5f5 !important;}&#8221; z_index=&#8221;&#8221; el_class=&#8221;multiproducte titol-producte-30 modul-6 flex-section-stretch m6-450 m6-lg-500 m6-md-530&#8243;][vc_column css_animation=&#8221;left-to-right&#8221; width=&#8221;1\/2&#8243; el_class=&#8221;text-m6l&#8221; css=&#8221;.vc_custom_1585565238044{padding-top: 70px !important;padding-right: 70px !important;padding-bottom: 70px !important;}&#8221; offset=&#8221;vc_col-lg-6 vc_col-md-6 vc_col-xs-12 vc_hidden-xs&#8221;][vc_column_text]<\/p>\n<h2 class=\"h1\">Portes de garatge<br \/>\n<span class=\"w-400\">enrotllables<\/span><\/h2>\n<p>Els portals de garatge enrotllables s&#8217;obren en sentit vertical de manera que la persiana s&#8217;enrotlla al voltant d&#8217;un eix d&#8217;acer horitzontal optimitzant l&#8217;espai d&#8217;emmagatzematge del sostre.[\/vc_column_text][vc_column_text el_class=&#8221;icones-text-2l&#8221;]<\/p>\n<ul>\n<li><img decoding=\"async\" class=\"icona icona-s cercle clima\" src=\"https:\/\/grabalosa.com\/portes\/wp-content\/uploads\/sites\/2\/2018\/11\/resistent-al-clima.svg\" alt=\"Resistent al clima\" \/><span class=\"no-marxis\">Resistent al clima<\/span><\/li>\n<li><img decoding=\"async\" class=\"icona icona-s cercle optimitzacio\" src=\"https:\/\/grabalosa.com\/portes\/wp-content\/uploads\/sites\/2\/2018\/11\/optimitzacio-espai.svg\" alt=\"Optimitzaci\u00f3 de l'espai\" \/><span class=\"no-marxis\">Optimitzaci\u00f3 de l&#8217;espai<\/span><\/li>\n<\/ul>\n<p>[\/vc_column_text]<a  itemprop=\"url\" href=\"https:\/\/grabalosa.com\/portes\/productes-portes\/portes-de-garatge\/portes-de-garatge-enrotllables\/\" target=\"_self\" data-hover-background-color=\"#1d1d1b\" data-hover-border-color=\"#1d1d1b\" data-hover-color=\"#ffffff\" class=\"qbutton  small center white default boto-multiproducte\" style=\"color: #1d1d1b; border-color: #1d1d1b; border-radius: 3px;-moz-border-radius: 3px;-webkit-border-radius: 3px; \">M\u00c9S INFORMACI\u00d3<\/a>[\/vc_column][vc_column width=&#8221;1\/2&#8243; el_class=&#8221;imatge-fullw&#8221; css=&#8221;.vc_custom_1596622362201{padding-top: 70px !important;padding-bottom: 70px !important;background-image: url(https:\/\/grabalosa.com\/portes\/wp-content\/uploads\/sites\/2\/2020\/02\/Roma_portal_enrotllable_005.jpg?id=3429) !important;background-position: center !important;background-repeat: no-repeat !important;background-size: cover !important;}&#8221; offset=&#8221;vc_col-lg-6 vc_col-md-6 vc_col-xs-12 vc_hidden-xs&#8221;][\/vc_column][\/vc_row][vc_row css_animation=&#8221;&#8221; row_type=&#8221;row&#8221; use_row_as_full_screen_section=&#8221;no&#8221; type=&#8221;full_width&#8221; angled_section=&#8221;no&#8221; text_align=&#8221;left&#8221; background_image_as_pattern=&#8221;without_pattern&#8221; transition_delay=&#8221;0.2&#8243; css=&#8221;.vc_custom_1550270460329{margin-bottom: 10px !important;padding-top: 0px !important;padding-bottom: 0px !important;background-color: #f5f5f5 !important;}&#8221; z_index=&#8221;&#8221; el_class=&#8221;multiproducte titol-producte-30 modul-6m&#8221;][vc_column css_animation=&#8221;left-to-right&#8221; width=&#8221;1\/2&#8243; el_class=&#8221;text-m6l&#8221; css=&#8221;.vc_custom_1550269515667{padding-top: 50px !important;padding-bottom: 50px !important;}&#8221; offset=&#8221;vc_col-lg-6 vc_hidden-lg vc_col-md-6 vc_hidden-md vc_hidden-sm vc_col-xs-12&#8243;][vc_column_text]<\/p>\n<h2 class=\"h1\">Portes de garatge<br \/>\n<span class=\"w-400\">enrotllables<\/span><\/h2>\n<p>Els portals de garatge enrotllables s&#8217;obren en sentit vertical de manera que la persiana s&#8217;enrotlla al voltant d&#8217;un eix d&#8217;acer horitzontal optimitzant l&#8217;espai d&#8217;emmagatzematge del sostre.[\/vc_column_text][vc_column_text el_class=&#8221;icones-text-2l&#8221;]<\/p>\n<ul>\n<li><img decoding=\"async\" class=\"icona icona-s cercle clima\" src=\"https:\/\/grabalosa.com\/portes\/wp-content\/uploads\/sites\/2\/2018\/11\/resistent-al-clima.svg\" alt=\"Resistent al clima\" \/><span class=\"no-marxis\">Resistent al clima<\/span><\/li>\n<li><img decoding=\"async\" class=\"icona icona-s cercle optimitzacio\" src=\"https:\/\/grabalosa.com\/portes\/wp-content\/uploads\/sites\/2\/2018\/11\/optimitzacio-espai.svg\" alt=\"Optimitzaci\u00f3 de l'espai\" \/><span class=\"no-marxis\">Optimitzaci\u00f3 de l&#8217;espai<\/span><\/li>\n<\/ul>\n<p>[\/vc_column_text]<a  itemprop=\"url\" href=\"https:\/\/grabalosa.com\/portes\/productes-portes\/portes-de-garatge\/portes-de-garatge-enrotllables\/\" target=\"_self\" data-hover-background-color=\"#1d1d1b\" data-hover-border-color=\"#1d1d1b\" data-hover-color=\"#ffffff\" class=\"qbutton  small center white default boto-multiproducte\" style=\"color: #1d1d1b; border-color: #1d1d1b; border-radius: 3px;-moz-border-radius: 3px;-webkit-border-radius: 3px; \">M\u00c9S INFORMACI\u00d3<\/a>[\/vc_column][vc_column width=&#8221;1\/2&#8243; el_class=&#8221;imatge-fullw&#8221; css=&#8221;.vc_custom_1550269526597{padding-top: 70px !important;padding-bottom: 70px !important;background-image: url(https:\/\/grabalosa.com\/portes\/wp-content\/uploads\/sites\/2\/2018\/11\/02-portes-garatge-enrotllables-grabalosa-portes.jpg?id=2662) !important;background-position: center !important;background-repeat: no-repeat !important;background-size: cover !important;}&#8221; offset=&#8221;vc_col-lg-6 vc_hidden-lg vc_col-md-6 vc_hidden-md vc_hidden-sm vc_col-xs-12&#8243;][\/vc_column][\/vc_row][vc_row css_animation=&#8221;&#8221; row_type=&#8221;row&#8221; use_row_as_full_screen_section=&#8221;no&#8221; type=&#8221;grid&#8221; angled_section=&#8221;no&#8221; text_align=&#8221;left&#8221; background_image_as_pattern=&#8221;without_pattern&#8221; css=&#8221;.vc_custom_1550494798240{margin-bottom: 10px !important;background-color: #d9d9d9 !important;}&#8221; z_index=&#8221;&#8221; el_class=&#8221;multiproducte titol-producte-30 modul-6 flex-section-stretch m6-450 m6-lg-500 m6-md-500&#8243;][vc_column width=&#8221;1\/2&#8243; el_class=&#8221;imatge-fullw2&#8243; css=&#8221;.vc_custom_1550269562434{padding-top: 70px !important;padding-bottom: 70px !important;background-image: url(https:\/\/grabalosa.com\/portes\/wp-content\/uploads\/sites\/2\/2018\/11\/03-portes-garatge-basculants-grabalosa-portes.jpg?id=2665) !important;background-position: center !important;background-repeat: no-repeat !important;background-size: cover !important;}&#8221; offset=&#8221;vc_col-lg-6 vc_col-md-6 vc_col-xs-12&#8243;][\/vc_column][vc_column css_animation=&#8221;right-to-left&#8221; width=&#8221;1\/2&#8243; el_class=&#8221;text-m6&#8243; css=&#8221;.vc_custom_1585565989317{padding-top: 70px !important;padding-bottom: 70px !important;padding-left: 70px !important;}&#8221; offset=&#8221;vc_col-lg-6 vc_col-md-6 vc_col-xs-12&#8243;][vc_column_text]<\/p>\n<h2 class=\"h1\">Portes de garatge<br \/>\n<span class=\"w-400\">basculants<\/span><\/h2>\n<p>Porta de garatge de seguretat molt resistent, ideal per llocs d&#8217;\u00fas intens. Apta tant per \u00fas residencial, comunitari o industrial. Permet un disseny i materials personalitzats.[\/vc_column_text][vc_column_text el_class=&#8221;icones-text-2l&#8221;]<\/p>\n<ul>\n<li><img decoding=\"async\" class=\"icona icona-s cercle estret\" src=\"https:\/\/grabalosa.com\/portes\/wp-content\/uploads\/sites\/2\/2018\/11\/ideals-espais-estrets.svg\" alt=\"Ideals per a espais estrets\" \/><span class=\"no-marxis\">Ideals per a espais estrets<\/span><\/li>\n<li><img decoding=\"async\" class=\"icona icona-s cercle resistencia\" src=\"https:\/\/grabalosa.com\/wp-content\/uploads\/sites\/2\/2018\/11\/resistencia-durabilitat.svg\" alt=\"Resist\u00e8ncia i durabilitat\" \/><span class=\"no-marxis\">Resist\u00e8ncia i durabilitat<\/span><\/li>\n<\/ul>\n<p>[\/vc_column_text]<a  itemprop=\"url\" href=\"https:\/\/grabalosa.com\/portes\/productes-portes\/portes-de-garatge\/portes-de-garatge-basculants\/\" target=\"_self\" data-hover-background-color=\"#1d1d1b\" data-hover-border-color=\"#1d1d1b\" data-hover-color=\"#ffffff\" class=\"qbutton  small center white default boto-multiproducte\" style=\"color: #1d1d1b; border-color: #1d1d1b; border-radius: 3px;-moz-border-radius: 3px;-webkit-border-radius: 3px; \">M\u00c9S INFORMACI\u00d3<\/a>[\/vc_column][\/vc_row][vc_row css_animation=&#8221;&#8221; row_type=&#8221;row&#8221; use_row_as_full_screen_section=&#8221;no&#8221; type=&#8221;full_width&#8221; angled_section=&#8221;no&#8221; text_align=&#8221;left&#8221; background_image_as_pattern=&#8221;without_pattern&#8221; transition_delay=&#8221;0.2&#8243; css=&#8221;.vc_custom_1550270485534{margin-bottom: 10px !important;padding-top: 0px !important;padding-bottom: 0px !important;background-color: #d9d9d9 !important;}&#8221; z_index=&#8221;&#8221; el_class=&#8221;multiproducte titol-producte-30 modul-6m&#8221;][vc_column css_animation=&#8221;left-to-right&#8221; width=&#8221;1\/2&#8243; el_class=&#8221;text-m6l&#8221; css=&#8221;.vc_custom_1550269587613{padding-top: 50px !important;padding-bottom: 50px !important;}&#8221; offset=&#8221;vc_col-lg-6 vc_hidden-lg vc_col-md-6 vc_hidden-md vc_hidden-sm vc_col-xs-12&#8243;][vc_column_text]<\/p>\n<h2 class=\"h1\">Portes de garatge<br \/>\n<span class=\"w-400\">basculants<\/span><\/h2>\n<p>Porta de garatge de seguretat molt resistent, ideal per llocs d&#8217;\u00fas intens. Apta tant per \u00fas residencial, comunitari o industrial. Permet un disseny i materials personalitzats.[\/vc_column_text][vc_column_text el_class=&#8221;icones-text-2l&#8221;]<\/p>\n<ul>\n<li><img decoding=\"async\" class=\"icona icona-s cercle estret\" src=\"https:\/\/grabalosa.com\/portes\/wp-content\/uploads\/sites\/2\/2018\/11\/ideals-espais-estrets.svg\" alt=\"Ideals per a espais estrets\" \/><span class=\"no-marxis\">Ideals per a espais estrets<\/span><\/li>\n<li><img decoding=\"async\" class=\"icona icona-s cercle resistencia\" src=\"https:\/\/grabalosa.com\/wp-content\/uploads\/sites\/2\/2018\/11\/resistencia-durabilitat.svg\" alt=\"Resist\u00e8ncia i durabilitat\" \/><span class=\"no-marxis\">Resist\u00e8ncia i durabilitat<\/span><\/li>\n<\/ul>\n<p>[\/vc_column_text]<a  itemprop=\"url\" href=\"https:\/\/grabalosa.com\/portes\/productes-portes\/portes-de-garatge\/portes-de-garatge-basculants\/\" target=\"_self\" data-hover-background-color=\"#1d1d1b\" data-hover-border-color=\"#1d1d1b\" data-hover-color=\"#ffffff\" class=\"qbutton  small center white default boto-multiproducte\" style=\"color: #1d1d1b; border-color: #1d1d1b; border-radius: 3px;-moz-border-radius: 3px;-webkit-border-radius: 3px; \">M\u00c9S INFORMACI\u00d3<\/a>[\/vc_column][vc_column width=&#8221;1\/2&#8243; el_class=&#8221;imatge-fullw&#8221; css=&#8221;.vc_custom_1550269600303{padding-top: 70px !important;padding-bottom: 70px !important;background-image: url(https:\/\/grabalosa.com\/portes\/wp-content\/uploads\/sites\/2\/2018\/11\/03-portes-garatge-basculants-grabalosa-portes.jpg?id=2665) !important;background-position: center !important;background-repeat: no-repeat !important;background-size: cover !important;}&#8221; offset=&#8221;vc_col-lg-6 vc_hidden-lg vc_col-md-6 vc_hidden-md vc_hidden-sm vc_col-xs-12&#8243;][\/vc_column][\/vc_row][vc_row css_animation=&#8221;&#8221; row_type=&#8221;row&#8221; use_row_as_full_screen_section=&#8221;no&#8221; type=&#8221;grid&#8221; angled_section=&#8221;no&#8221; text_align=&#8221;left&#8221; background_image_as_pattern=&#8221;without_pattern&#8221; css=&#8221;.vc_custom_1550494624819{margin-bottom: 10px !important;background-color: #f5f5f5 !important;}&#8221; z_index=&#8221;&#8221; el_class=&#8221;multiproducte titol-producte-30 modul-6 flex-section-stretch m6-450 m6-lg-500 m6-md-530&#8243;][vc_column css_animation=&#8221;left-to-right&#8221; width=&#8221;1\/2&#8243; el_class=&#8221;text-m6l&#8221; css=&#8221;.vc_custom_1585566365342{padding-top: 65px !important;padding-right: 70px !important;padding-bottom: 65px !important;}&#8221; offset=&#8221;vc_col-lg-6 vc_col-md-6 vc_col-xs-12&#8243;][vc_column_text]<\/p>\n<h2 class=\"h1\">Portes de garatge<br \/>\n<span class=\"w-400\">corredisses<\/span><\/h2>\n<p>Portes correderes de garatge o de jard\u00ed fabricades en d&#8217;alumini o en acer que ens permet construir tot tipus de portes i portals amb unes prestacions excel\u00b7lents.[\/vc_column_text][vc_column_text el_class=&#8221;icones-text-2l&#8221;]<\/p>\n<ul>\n<li><img decoding=\"async\" class=\"icona icona-s cercle colors\" src=\"https:\/\/grabalosa.com\/portes\/wp-content\/uploads\/sites\/2\/2018\/11\/gamma-colors-acabats-gris.svg\" alt=\"\u00c0mplia gamma de colors i acabats\" \/><span class=\"no-marxis\">\u00c0mplia gamma de colors i acabats<\/span><\/li>\n<li><img decoding=\"async\" class=\"icona icona-s cercle amida\" src=\"https:\/\/grabalosa.com\/wp-content\/uploads\/sites\/2\/2018\/11\/fabricacio-a-mida.svg\" alt=\"Fabricaci\u00f3 a mida\" \/><span class=\"no-marxis\">Fabricaci\u00f3 a mida<\/span><\/li>\n<\/ul>\n<p>[\/vc_column_text]<a  itemprop=\"url\" href=\"https:\/\/grabalosa.com\/portes\/productes-portes\/portes-de-garatge\/portes-de-garatge-correderes\/\" target=\"_self\" data-hover-background-color=\"#1d1d1b\" data-hover-border-color=\"#1d1d1b\" data-hover-color=\"#ffffff\" class=\"qbutton  small center white default boto-multiproducte\" style=\"color: #1d1d1b; border-color: #1d1d1b; border-radius: 3px;-moz-border-radius: 3px;-webkit-border-radius: 3px; \">M\u00c9S INFORMACI\u00d3<\/a>[\/vc_column][vc_column width=&#8221;1\/2&#8243; el_class=&#8221;imatge-fullw&#8221; css=&#8221;.vc_custom_1596622562115{padding-top: 70px !important;padding-bottom: 70px !important;background-image: url(https:\/\/grabalosa.com\/portes\/wp-content\/uploads\/sites\/2\/2018\/11\/04-portes-garatge-correderes-grabalosa-portes.jpg?id=2669) !important;background-position: center !important;background-repeat: no-repeat !important;background-size: cover !important;}&#8221; offset=&#8221;vc_col-lg-6 vc_col-md-6 vc_col-xs-12&#8243;][\/vc_column][\/vc_row][vc_row css_animation=&#8221;&#8221; row_type=&#8221;row&#8221; use_row_as_full_screen_section=&#8221;no&#8221; type=&#8221;full_width&#8221; angled_section=&#8221;no&#8221; text_align=&#8221;left&#8221; background_image_as_pattern=&#8221;without_pattern&#8221; transition_delay=&#8221;0.2&#8243; css=&#8221;.vc_custom_1550270507236{margin-bottom: 10px !important;padding-top: 0px !important;padding-bottom: 0px !important;background-color: #f5f5f5 !important;}&#8221; z_index=&#8221;&#8221; el_class=&#8221;multiproducte titol-producte-30 modul-6m&#8221;][vc_column css_animation=&#8221;left-to-right&#8221; width=&#8221;1\/2&#8243; el_class=&#8221;text-m6l&#8221; css=&#8221;.vc_custom_1550269649913{padding-top: 50px !important;padding-bottom: 50px !important;}&#8221; offset=&#8221;vc_col-lg-6 vc_hidden-lg vc_col-md-6 vc_hidden-md vc_hidden-sm vc_col-xs-12&#8243;][vc_column_text]<\/p>\n<h2 class=\"h1\">Portes de garatge<br \/>\n<span class=\"w-400\">corredisses<\/span><\/h2>\n<p>Portes correderes de garatge o de jard\u00ed fabricades en d&#8217;alumini o en acer que ens permet construir tot tipus de portes i portals amb unes prestacions excel\u00b7lents.[\/vc_column_text][vc_column_text el_class=&#8221;icones-text-2l&#8221;]<\/p>\n<ul>\n<li><img decoding=\"async\" class=\"icona icona-s cercle colors\" src=\"https:\/\/grabalosa.com\/portes\/wp-content\/uploads\/sites\/2\/2018\/11\/gamma-colors-acabats-gris.svg\" alt=\"\u00c0mplia gamma de colors i acabats\" \/><span class=\"no-marxis\">\u00c0mplia gamma de colors i acabats<\/span><\/li>\n<li><img decoding=\"async\" class=\"icona icona-s cercle amida\" src=\"https:\/\/grabalosa.com\/wp-content\/uploads\/sites\/2\/2018\/11\/fabricacio-a-mida.svg\" alt=\"Fabricaci\u00f3 a mida\" \/><span class=\"no-marxis\">Fabricaci\u00f3 a mida<\/span><\/li>\n<\/ul>\n<p>[\/vc_column_text]<a  itemprop=\"url\" href=\"https:\/\/grabalosa.com\/portes\/productes-portes\/portes-de-garatge\/portes-de-garatge-correderes\/\" target=\"_self\" data-hover-background-color=\"#1d1d1b\" data-hover-border-color=\"#1d1d1b\" data-hover-color=\"#ffffff\" class=\"qbutton  small center white default boto-multiproducte\" style=\"color: #1d1d1b; border-color: #1d1d1b; border-radius: 3px;-moz-border-radius: 3px;-webkit-border-radius: 3px; \">M\u00c9S INFORMACI\u00d3<\/a>[\/vc_column][vc_column width=&#8221;1\/2&#8243; el_class=&#8221;imatge-fullw&#8221; css=&#8221;.vc_custom_1550269658984{padding-top: 70px !important;padding-bottom: 70px !important;background-image: url(https:\/\/grabalosa.com\/portes\/wp-content\/uploads\/sites\/2\/2018\/11\/04-portes-garatge-correderes-grabalosa-portes.jpg?id=2669) !important;background-position: center !important;background-repeat: no-repeat !important;background-size: cover !important;}&#8221; offset=&#8221;vc_col-lg-6 vc_hidden-lg vc_col-md-6 vc_hidden-md vc_hidden-sm vc_col-xs-12&#8243;][\/vc_column][\/vc_row][vc_row css_animation=&#8221;&#8221; row_type=&#8221;row&#8221; use_row_as_full_screen_section=&#8221;no&#8221; type=&#8221;grid&#8221; angled_section=&#8221;no&#8221; text_align=&#8221;left&#8221; background_image_as_pattern=&#8221;without_pattern&#8221; css=&#8221;.vc_custom_1550494814122{margin-bottom: 10px !important;background-color: #d9d9d9 !important;}&#8221; z_index=&#8221;&#8221; el_class=&#8221;multiproducte titol-producte-30 modul-6 flex-section-stretch m6-450 m6-lg-500 m6-md-500&#8243;][vc_column width=&#8221;1\/2&#8243; el_class=&#8221;imatge-fullw2&#8243; css=&#8221;.vc_custom_1596622638461{padding-top: 70px !important;padding-bottom: 70px !important;background-image: url(https:\/\/grabalosa.com\/portes\/wp-content\/uploads\/sites\/2\/2018\/11\/05-portes-garatge-batents-grabalosa-portes.jpg?id=2667) !important;background-position: center !important;background-repeat: no-repeat !important;background-size: cover !important;}&#8221; offset=&#8221;vc_col-lg-6 vc_col-md-6 vc_col-xs-12&#8243;][\/vc_column][vc_column css_animation=&#8221;right-to-left&#8221; width=&#8221;1\/2&#8243; el_class=&#8221;text-m6&#8243; css=&#8221;.vc_custom_1585566378839{padding-top: 70px !important;padding-bottom: 70px !important;padding-left: 70px !important;}&#8221; offset=&#8221;vc_col-lg-6 vc_col-md-6 vc_col-xs-12&#8243;][vc_column_text]<\/p>\n<h2 class=\"h1\">Portes de garatge<br \/>\n<span class=\"w-400\">batents<\/span><\/h2>\n<p>Portes de garatge o de jard\u00ed fabricades en d&#8217;alumini o en acer molt vers\u00e0tils i resitents. Fabricades amb diferents acabats i dissenys i amb la possibilitat de ser construides amb una o dues fulles d&#8217;obertura.[\/vc_column_text][vc_column_text el_class=&#8221;icones-text-2l&#8221;]<\/p>\n<ul>\n<li><img decoding=\"async\" class=\"icona icona-s cercle dif\" src=\"https:\/\/grabalosa.com\/portes\/wp-content\/uploads\/sites\/2\/2018\/11\/disseny-funcionalitat.svg\" alt=\"disseny i funcionalitat\" \/><span class=\"no-marxis\">Disseny i funcionalitat<\/span><\/li>\n<li><img decoding=\"async\" class=\"icona icona-s cercle motoritzable\" src=\"https:\/\/grabalosa.com\/portes\/wp-content\/uploads\/sites\/2\/2018\/11\/motoritzables-automatitzables.svg\" alt=\"Motoritzables i automatitzables\" \/><span class=\"no-marxis\">Motoritzables i automatitzables<\/span><\/li>\n<\/ul>\n<p>[\/vc_column_text]<a  itemprop=\"url\" href=\"https:\/\/grabalosa.com\/portes\/productes-portes\/portes-de-garatge\/portes-de-garatge-batents\/\" target=\"_self\" data-hover-background-color=\"#1d1d1b\" data-hover-border-color=\"#1d1d1b\" data-hover-color=\"#ffffff\" class=\"qbutton  small center white default boto-multiproducte\" style=\"color: #1d1d1b; border-color: #1d1d1b; border-radius: 3px;-moz-border-radius: 3px;-webkit-border-radius: 3px; \">M\u00c9S INFORMACI\u00d3<\/a>[\/vc_column][\/vc_row][vc_row css_animation=&#8221;&#8221; row_type=&#8221;row&#8221; use_row_as_full_screen_section=&#8221;no&#8221; type=&#8221;full_width&#8221; angled_section=&#8221;no&#8221; text_align=&#8221;left&#8221; background_image_as_pattern=&#8221;without_pattern&#8221; transition_delay=&#8221;0.2&#8243; css=&#8221;.vc_custom_1550270534015{margin-bottom: 10px !important;padding-top: 0px !important;padding-bottom: 0px !important;background-color: #d9d9d9 !important;}&#8221; z_index=&#8221;&#8221; el_class=&#8221;multiproducte titol-producte-30 modul-6m&#8221;][vc_column css_animation=&#8221;left-to-right&#8221; width=&#8221;1\/2&#8243; el_class=&#8221;text-m6l&#8221; css=&#8221;.vc_custom_1550269699831{padding-top: 50px !important;padding-bottom: 50px !important;}&#8221; offset=&#8221;vc_col-lg-6 vc_hidden-lg vc_col-md-6 vc_hidden-md vc_hidden-sm vc_col-xs-12&#8243;][vc_column_text]<\/p>\n<h2 class=\"h1\">Portes de garatge<br \/>\n<span class=\"w-400\">batents<\/span><\/h2>\n<p>Portes de garatge o de jard\u00ed fabricades en d&#8217;alumini o en acer molt vers\u00e0tils i resitents. Fabricades amb diferents acabats i dissenys i amb la possibilitat de ser construides amb una o dues fulles d&#8217;obertura.[\/vc_column_text][vc_column_text el_class=&#8221;icones-text-2l&#8221;]<\/p>\n<ul>\n<li><img decoding=\"async\" class=\"icona icona-s cercle dif\" src=\"https:\/\/grabalosa.com\/portes\/wp-content\/uploads\/sites\/2\/2018\/11\/disseny-funcionalitat.svg\" alt=\"disseny i funcionalitat\" \/><span class=\"no-marxis\">Disseny i funcionalitat<\/span><\/li>\n<li><img decoding=\"async\" class=\"icona icona-s cercle motoritzable\" src=\"https:\/\/grabalosa.com\/portes\/wp-content\/uploads\/sites\/2\/2018\/11\/motoritzables-automatitzables.svg\" alt=\"Motoritzables i automatitzables\" \/><span class=\"no-marxis\">Motoritzables i automatitzables<\/span><\/li>\n<\/ul>\n<p>[\/vc_column_text]<a  itemprop=\"url\" href=\"https:\/\/grabalosa.com\/portes\/productes-portes\/portes-de-garatge\/portes-de-garatge-batents\/\" target=\"_self\" data-hover-background-color=\"#1d1d1b\" data-hover-border-color=\"#1d1d1b\" data-hover-color=\"#ffffff\" class=\"qbutton  small center white default boto-multiproducte\" style=\"color: #1d1d1b; border-color: #1d1d1b; border-radius: 3px;-moz-border-radius: 3px;-webkit-border-radius: 3px; \">M\u00c9S INFORMACI\u00d3<\/a>[\/vc_column][vc_column width=&#8221;1\/2&#8243; el_class=&#8221;imatge-fullw&#8221; css=&#8221;.vc_custom_1550269707499{padding-top: 70px !important;padding-bottom: 70px !important;background-image: url(https:\/\/grabalosa.com\/portes\/wp-content\/uploads\/sites\/2\/2018\/11\/05-portes-garatge-batents-grabalosa-portes.jpg?id=2667) !important;background-position: center !important;background-repeat: no-repeat !important;background-size: cover !important;}&#8221; offset=&#8221;vc_col-lg-6 vc_hidden-lg vc_col-md-6 vc_hidden-md vc_hidden-sm vc_col-xs-12&#8243;][\/vc_column][\/vc_row][vc_row css_animation=&#8221;&#8221; row_type=&#8221;row&#8221; use_row_as_full_screen_section=&#8221;no&#8221; type=&#8221;grid&#8221; angled_section=&#8221;no&#8221; text_align=&#8221;left&#8221; background_image_as_pattern=&#8221;without_pattern&#8221; css=&#8221;.vc_custom_1544013941949{padding-top: 70px !important;padding-bottom: 70px !important;background-color: #f1f1f1 !important;}&#8221; z_index=&#8221;&#8221; el_class=&#8221;modul-3&#8243;][vc_column el_class=&#8221;assessor&#8221; offset=&#8221;vc_col-lg-offset-2 vc_col-lg-8 vc_col-md-offset-2 vc_col-md-8 vc_col-sm-offset-0 vc_col-xs-12&#8243;][vc_column_text el_class=&#8221;text-left text-descriptiu-3&#8243;]<\/p>\n<h5>CONTACTA AMB UN T\u00c8CNIC<\/h5>\n<p>[\/vc_column_text][vc_column_text el_class=&#8221;text-left text-descriptiu-3&#8243;]<\/p>\n<h2 class=\"h1\">Assessorament gratu\u00eft<\/h2>\n<p>Si est\u00e0 interessat en aquest tipus de producte, es pot posar en contacte amb nosaltres i l\u2019assessorarem gratu\u00eftament per trobar l\u2019opci\u00f3 que m\u00e9s s\u2019adequa a les seves necessitats.[\/vc_column_text][vc_row_inner row_type=&#8221;row&#8221; type=&#8221;full_width&#8221; text_align=&#8221;left&#8221; css_animation=&#8221;&#8221; css=&#8221;.vc_custom_1528016690302{margin-top: 40px !important;}&#8221;][vc_column_inner width=&#8221;1\/2&#8243; offset=&#8221;vc_col-lg-6 vc_col-md-6 vc_col-xs-12&#8243;]\n\n\t<a href=\"https:\/\/grabalosa.com\/contacte\/\" target=\"_self\" style=\"color: #ffffff;background-color: #1d1d1b;font-size: 16px;font-weight: 300;text-transform: uppercase;font-style: normal\" class=\"qode-btn qode-btn-medium qode-btn-solid qode-btn-custom-hover-bg qode-btn-custom-hover-color qode-btn-icon boto-assessor spu-open-3520 qode-btn-default-hover\" data-hover-bg-color=\"#555555\" data-hover-color=\"#f2f2f2\" >\n\t    <span class=\"qode-btn-text\">CONTACTA&#039;NS<\/span><span class=\"qode-button-v2-icon-holder\" style=\"font-size: 16px\" ><i class=\"qode_icon_font_awesome fa fa-envelope qode-button-v2-icon-holder-inner\" ><\/i><\/span>\t<\/a>\n\n[\/vc_column_inner][vc_column_inner width=&#8221;1\/2&#8243; offset=&#8221;vc_col-lg-6 vc_col-md-6 vc_col-xs-12&#8243;]\n\n\t<a href=\"tel:+34972788028\" target=\"_self\" style=\"color: #ffffff;background-color: #1d1d1b;font-size: 16px;font-weight: 300;text-transform: uppercase;font-style: normal\" class=\"qode-btn qode-btn-medium qode-btn-solid qode-btn-custom-hover-bg qode-btn-custom-hover-color qode-btn-icon boto-assessor qode-btn-default-hover\" data-hover-bg-color=\"#555555\" data-hover-color=\"#f2f2f2\" >\n\t    <span class=\"qode-btn-text\">(34) 972 788 028<\/span><span class=\"qode-button-v2-icon-holder\" style=\"font-size: 16px\" ><i class=\"qode_icon_font_awesome fa fa-phone qode-button-v2-icon-holder-inner\" ><\/i><\/span>\t<\/a>\n\n[\/vc_column_inner][\/vc_row_inner][\/vc_column][\/vc_row]<\/p>\n<\/div>","protected":false},"excerpt":{"rendered":"<p>[vc_row css_animation=&#8221;&#8221; row_type=&#8221;row&#8221; use_row_as_full_screen_section=&#8221;no&#8221; type=&#8221;grid&#8221; angled_section=&#8221;no&#8221; text_align=&#8221;left&#8221; background_image_as_pattern=&#8221;without_pattern&#8221; css=&#8221;.vc_custom_1550494559291{margin-bottom: 10px !important;background-color: #d9d9d9 !important;}&#8221; z_index=&#8221;&#8221; el_class=&#8221;multiproducte titol-producte-30 modul-6 flex-section-stretch m6-450 m6-lg-500 m6-md-530&#8243;][vc_column width=&#8221;1\/2&#8243; el_class=&#8221;imatge-fullw2&#8243; css=&#8221;.vc_custom_1596622001474{padding-top: 70px !important;padding-bottom: 70px !important;background-image: url(https:\/\/grabalosa.com\/portes\/wp-content\/uploads\/sites\/2\/2018\/11\/01b-portes-garatge-seccionals-grabalosa-portes.jpg?id=2761) !important;background-position: center !important;background-repeat: no-repeat !important;background-size: cover !important;}&#8221; offset=&#8221;vc_col-lg-6 vc_col-md-6 vc_col-xs-12&#8243;][\/vc_column][vc_column css_animation=&#8221;right-to-left&#8221; width=&#8221;1\/2&#8243; el_class=&#8221;text-m6&#8243; css=&#8221;.vc_custom_1585565215423{padding-top: 70px !important;padding-bottom:&#8230;<\/p>\n","protected":false},"author":1,"featured_media":0,"parent":16,"menu_order":1,"comment_status":"closed","ping_status":"closed","template":"full_width.php","meta":{"footnotes":""},"class_list":["post-553","page","type-page","status-publish","hentry"],"aioseo_notices":[],"_links":{"self":[{"href":"https:\/\/grabalosa.com\/portes\/wp-json\/wp\/v2\/pages\/553","targetHints":{"allow":["GET"]}}],"collection":[{"href":"https:\/\/grabalosa.com\/portes\/wp-json\/wp\/v2\/pages"}],"about":[{"href":"https:\/\/grabalosa.com\/portes\/wp-json\/wp\/v2\/types\/page"}],"author":[{"embeddable":true,"href":"https:\/\/grabalosa.com\/portes\/wp-json\/wp\/v2\/users\/1"}],"replies":[{"embeddable":true,"href":"https:\/\/grabalosa.com\/portes\/wp-json\/wp\/v2\/comments?post=553"}],"version-history":[{"count":2,"href":"https:\/\/grabalosa.com\/portes\/wp-json\/wp\/v2\/pages\/553\/revisions"}],"predecessor-version":[{"id":6641,"href":"https:\/\/grabalosa.com\/portes\/wp-json\/wp\/v2\/pages\/553\/revisions\/6641"}],"up":[{"embeddable":true,"href":"https:\/\/grabalosa.com\/portes\/wp-json\/wp\/v2\/pages\/16"}],"wp:attachment":[{"href":"https:\/\/grabalosa.com\/portes\/wp-json\/wp\/v2\/media?parent=553"}],"curies":[{"name":"wp","href":"https:\/\/api.w.org\/{rel}","templated":true}]}}