{"id":4663,"date":"2020-05-24T11:42:38","date_gmt":"2020-05-24T09:42:38","guid":{"rendered":"http:\/\/ambdues.cat\/finestres\/fenetres\/fenetres-de-pvc\/"},"modified":"2022-07-16T12:04:50","modified_gmt":"2022-07-16T10:04:50","slug":"fenetres-pvc","status":"publish","type":"page","link":"https:\/\/grabalosa.com\/finestres\/fr\/produits-fenetres\/fenetres-pvc\/","title":{"rendered":"Fen\u00eatres PVC"},"content":{"rendered":"<div class=\"wpb-content-wrapper\"><p>[vc_row css_animation=\u00a0\u00bb\u00a0\u00bb row_type=\u00a0\u00bbrow\u00a0\u00bb use_row_as_full_screen_section=\u00a0\u00bbno\u00a0\u00bb type=\u00a0\u00bbgrid\u00a0\u00bb angled_section=\u00a0\u00bbno\u00a0\u00bb text_align=\u00a0\u00bbleft\u00a0\u00bb background_image_as_pattern=\u00a0\u00bbwithout_pattern\u00a0\u00bb css=\u00a0\u00bb.vc_custom_1550745931287{padding-bottom: 40px !important;background-color: #ececec !important;}\u00a0\u00bb z_index=\u00a0\u00bb\u00a0\u00bb el_class=\u00a0\u00bbtitol-producte flex-section flex-section-600&Prime;][vc_column width=\u00a0\u00bb5\/12&Prime; offset=\u00a0\u00bbvc_col-lg-6 vc_col-md-6 vc_col-xs-12&Prime;][vc_column_text]<\/p>\n<h2 class=\"h1\"><span class=\"w-400\">Fen\u00eatres en PVC<\/span><br \/>\nPrix et fonctionnalit\u00e9<\/h2>\n<p>[\/vc_column_text][\/vc_column][vc_column width=\u00a0\u00bb7\/12&Prime; offset=\u00a0\u00bbvc_col-lg-6 vc_col-md-6 vc_col-xs-12&Prime;][vc_single_image image=\u00a0\u00bb4692&Prime; img_size=\u00a0\u00bbfull\u00a0\u00bb alignment=\u00a0\u00bbcenter\u00a0\u00bb qode_css_animation=\u00a0\u00bb\u00a0\u00bb el_class=\u00a0\u00bbimatge-caract-1&Prime;][\/vc_column][\/vc_row][vc_row css_animation=\u00a0\u00bb\u00a0\u00bb row_type=\u00a0\u00bbrow\u00a0\u00bb use_row_as_full_screen_section=\u00a0\u00bbno\u00a0\u00bb type=\u00a0\u00bbgrid\u00a0\u00bb angled_section=\u00a0\u00bbno\u00a0\u00bb text_align=\u00a0\u00bbleft\u00a0\u00bb background_image_as_pattern=\u00a0\u00bbwithout_pattern\u00a0\u00bb css=\u00a0\u00bb.vc_custom_1545160283181{padding-top: 100px !important;padding-bottom: 100px !important;}\u00a0\u00bb z_index=\u00a0\u00bb\u00a0\u00bb el_class=\u00a0\u00bbmodul-1&Prime;][vc_column width=\u00a0\u00bb1\/2&Prime; offset=\u00a0\u00bbvc_col-lg-6 vc_col-md-6 vc_col-xs-12&Prime;][vc_gallery type=\u00a0\u00bbflexslider_slide\u00a0\u00bb interval=\u00a0\u00bb3&Prime; images=\u00a0\u00bb4689,4686,4683,4680&Prime; img_size=\u00a0\u00bbfull\u00a0\u00bb direction_nav=\u00a0\u00bbyes\u00a0\u00bb control_nav=\u00a0\u00bbno\u00a0\u00bb show_image_description=\u00a0\u00bbyes\u00a0\u00bb pause_on_hover=\u00a0\u00bbno\u00a0\u00bb frame=\u00a0\u00bbno\u00a0\u00bb el_class=\u00a0\u00bbgaleria-s-m1&Prime;][\/vc_column][vc_column css_animation=\u00a0\u00bbright-to-left\u00a0\u00bb width=\u00a0\u00bb1\/2&Prime; offset=\u00a0\u00bbvc_col-lg-6 vc_col-md-6 vc_col-xs-12&Prime;][vc_column_text el_class=\u00a0\u00bbtext-descriptiu-1 text-left\u00a0\u00bb]<\/p>\n<h2 class=\"h1\">Durabilit\u00e9 et entretien facile<\/h2>\n<p>Les fen\u00eatres en PVC sont fabriqu\u00e9es avec du carbone, hydrog\u00e9n\u00e9 et du clore. Cette combinaison chimique nous donne l\u2019un de ses principaux avantages : la r\u00e9sistance. Elles sont r\u00e9sistantes aux impacts et conditions m\u00e9t\u00e9orologiques.<\/p>\n<p>Le PVC est aussi reconnu pour sa facilit\u00e9 d\u2019entretien. Les fen\u00eatres en PVC ne s\u2019oxydent pas, elles ne rouillent pas non plus et sont tr\u00e8s r\u00e9sistantes aux chocs et aux rayures.<\/p>\n<p>[\/vc_column_text]<div class=\"qode-accordion-holder clearfix qode-toggle qode-initial \">\n\t<h6 class=\"clearfix qode-title-holder\">\n<span class=\"qode-tab-title\">\n\t    <span class=\"qode-tab-title-inner\">\n        Lire plus    <\/span>\n<\/span>\n<span class=\"qode-accordion-mark\">\n    <span class=\"qode-accordion-mark-icon\">\n        <span class=\"icon_plus\"><\/span>\n        <span class=\"icon_minus-06\"><\/span>\n    <\/span>\n<\/span>\n<\/h6>\n<div  class=\"qode-accordion-content \" style=\"padding: 0 0 0 0\">\n    <div class=\"qode-accordion-content-inner\">\n        [vc_column_text el_class=\u00a0\u00bbtext-descriptiu-1 text-left\u00a0\u00bb]Il s\u2019agit de fen\u00eatres au design s\u00e9rieux qui s\u2019adaptent \u00e0 tous les styles d\u2019architecture. De plus, vous pouvez opter pour de nombreuses finitions et coloris, pouvant m\u00eame imiter des mat\u00e9riaux comme le bois.[\/vc_column_text]    <\/div>\n<\/div><\/div>[\/vc_column][\/vc_row][vc_row css_animation=\u00a0\u00bb\u00a0\u00bb row_type=\u00a0\u00bbrow\u00a0\u00bb use_row_as_full_screen_section=\u00a0\u00bbno\u00a0\u00bb type=\u00a0\u00bbgrid\u00a0\u00bb angled_section=\u00a0\u00bbno\u00a0\u00bb text_align=\u00a0\u00bbleft\u00a0\u00bb background_image_as_pattern=\u00a0\u00bbwithout_pattern\u00a0\u00bb z_index=\u00a0\u00bb\u00a0\u00bb css=\u00a0\u00bb.vc_custom_1545132089421{background-color: #f6f6f6 !important;}\u00a0\u00bb el_class=\u00a0\u00bbaltres-models modul-porta modul-faqs modul-accord-portes\u00a0\u00bb][vc_column css=\u00a0\u00bb.vc_custom_1544029349173{padding-top: 80px !important;padding-bottom: 80px !important;}\u00a0\u00bb]<div class=\"qode-accordion-holder clearfix qode-toggle qode-initial \">\n\t<h5 class=\"clearfix qode-title-holder\">\n<span class=\"qode-tab-title\">\n\t    <span class=\"qode-tab-title-inner\">\n        Syst\u00e8mes d\u2019ouverture des fen\u00eatres en PVC    <\/span>\n<\/span>\n<span class=\"qode-accordion-mark\">\n    <span class=\"qode-accordion-mark-icon\">\n        <span class=\"icon_plus\"><\/span>\n        <span class=\"icon_minus-06\"><\/span>\n    <\/span>\n<\/span>\n<\/h5>\n<div  class=\"qode-accordion-content \" style=\"padding: 4px 0 70px 0\">\n    <div class=\"qode-accordion-content-inner\">\n        [vc_column_text el_class=\u00a0\u00bbac-portes-sist-obertura text-left img-3icons\u00a0\u00bb]<\/p>\n<h3>SYST\u00c8MES D&rsquo;OUVERTURE<br \/>\n<span class=\"w-300\">DES FEN\u00caTRES EN PVC<\/span><\/h3>\n<p class=\"pt-10\">Fen\u00eatres d\u2019un ou deux vantaux, battants, pivotants, oscillo-battants, baies vitr\u00e9es\u2026<\/p>\n<p><img decoding=\"async\" class=\"wp-image-3612\" src=\"https:\/\/grabalosa.com\/finestres\/wp-content\/uploads\/sites\/3\/2018\/07\/obertura-pvc.svg\" alt=\"Syst\u00e8mes d'ouverture des fen\u00eatres Grabalosa\">[\/vc_column_text]    <\/div>\n<\/div><h5 class=\"clearfix qode-title-holder\">\n<span class=\"qode-tab-title\">\n\t    <span class=\"qode-tab-title-inner\">\n        Homologation et certificats    <\/span>\n<\/span>\n<span class=\"qode-accordion-mark\">\n    <span class=\"qode-accordion-mark-icon\">\n        <span class=\"icon_plus\"><\/span>\n        <span class=\"icon_minus-06\"><\/span>\n    <\/span>\n<\/span>\n<\/h5>\n<div  class=\"qode-accordion-content \" style=\"padding: 4px 0 70px 0\">\n    <div class=\"qode-accordion-content-inner\">\n        [vc_column_text el_class=\u00a0\u00bbac-portes-sist-obertura text-left obertura-t2 fustes no-cercle\u00a0\u00bb]<\/p>\n<h3 class=\"pb-50\">HOMOLOGATION ET CERTIFICATS<\/h3>\n<ul>\n<li><img loading=\"lazy\" decoding=\"async\" class=\"wp-image-4665\" src=\"https:\/\/grabalosa.com\/finestres\/wp-content\/uploads\/sites\/3\/2018\/07\/aenor-certificat-empresa-registrada.svg\" alt=\"UNE-EN ISO 9001\" width=\"100\" height=\"100\"><\/li>\n<li><img loading=\"lazy\" decoding=\"async\" class=\"wp-image-4668\" src=\"https:\/\/grabalosa.com\/finestres\/wp-content\/uploads\/sites\/3\/2018\/07\/aenor-gestio-ambiental.svg\" alt=\"UNE-EN ISO 14001\" width=\"100\" height=\"100\"><\/li>\n<li><img loading=\"lazy\" decoding=\"async\" class=\"wp-image-4671\" src=\"https:\/\/grabalosa.com\/finestres\/wp-content\/uploads\/sites\/3\/2018\/07\/eqnet-quality-system-certified.svg\" alt=\"EQNET Quality system\" width=\"100\" height=\"100\"><\/li>\n<li><img loading=\"lazy\" decoding=\"async\" class=\"wp-image-4674\" src=\"https:\/\/grabalosa.com\/finestres\/wp-content\/uploads\/sites\/3\/2018\/07\/qualicoat.svg\" alt=\"Qualicoat\" width=\"100\" height=\"100\"><\/li>\n<li><img loading=\"lazy\" decoding=\"async\" class=\"wp-image-4677\" src=\"https:\/\/grabalosa.com\/finestres\/wp-content\/uploads\/sites\/3\/2018\/07\/aluminium-association-european-qualanod.svg\" alt=\"Aluminium association european qualanod\" width=\"100\" height=\"100\"><\/li>\n<\/ul>\n<p>[\/vc_column_text]    <\/div>\n<\/div><h5 class=\"clearfix qode-title-holder\">\n<span class=\"qode-tab-title\">\n\t    <span class=\"qode-tab-title-inner\">\n        Garantie de qualit\u00e9    <\/span>\n<\/span>\n<span class=\"qode-accordion-mark\">\n    <span class=\"qode-accordion-mark-icon\">\n        <span class=\"icon_plus\"><\/span>\n        <span class=\"icon_minus-06\"><\/span>\n    <\/span>\n<\/span>\n<\/h5>\n<div  class=\"qode-accordion-content \" style=\"padding: 4px 0 70px 0\">\n    <div class=\"qode-accordion-content-inner\">\n        [vc_column_text el_class=\u00a0\u00bbac-portes-garantia-qualitat text-left\u00a0\u00bb]<\/p>\n<h3>GARANTIE DE QUALIT\u00c9<\/h3>\n<p>Produit de qualit\u00e9, selon normes \u00ab C\u00f3digo T\u00e9cnico de la Construcci\u00f3n (CTE) et du March\u00e9 Europ\u00e9en (CE).<\/p>\n<h4 class=\"h4-little\">HOMOLOGATION<\/h4>\n<ul>\n<li><img decoding=\"async\" src=\"https:\/\/grabalosa.com\/finestres\/wp-content\/uploads\/sites\/3\/2018\/07\/mercat-europeu.svg\" alt=\"Ic\u00f4ne du march\u00e9 europ\u00e9en\" width=\"100\"><\/li>\n<li><img decoding=\"async\" src=\"https:\/\/grabalosa.com\/finestres\/wp-content\/uploads\/sites\/3\/2018\/07\/codi-tecnic-construccio.svg\" alt=\"Abr\u00e9viations du Code Technique de Construction\" width=\"100\"><\/li>\n<\/ul>\n<p>[\/vc_column_text]    <\/div>\n<\/div><\/div>[\/vc_column][\/vc_row][vc_row css_animation=\u00a0\u00bb\u00a0\u00bb row_type=\u00a0\u00bbrow\u00a0\u00bb use_row_as_full_screen_section=\u00a0\u00bbyes\u00a0\u00bb type=\u00a0\u00bbgrid\u00a0\u00bb angled_section=\u00a0\u00bbno\u00a0\u00bb text_align=\u00a0\u00bbleft\u00a0\u00bb background_image_as_pattern=\u00a0\u00bbwithout_pattern\u00a0\u00bb css=\u00a0\u00bb.vc_custom_1531996322139{background-color: #575757 !important;}\u00a0\u00bb z_index=\u00a0\u00bb\u00a0\u00bb el_class=\u00a0\u00bbmodul-5 p-row\u00a0\u00bb][vc_column width=\u00a0\u00bb1\/2&Prime; el_class=\u00a0\u00bbwhite-t text-m5&Prime; css=\u00a0\u00bb.vc_custom_1581338265658{padding-top: 55px !important;padding-right: 20px !important;padding-bottom: 45px !important;padding-left: 20px !important;}\u00a0\u00bb offset=\u00a0\u00bbvc_col-lg-6 vc_col-md-6 vc_hidden-md vc_hidden-sm vc_col-xs-12 vc_hidden-xs\u00a0\u00bb][vc_column_text]<\/p>\n<h2 class=\"h1 no-subtitol\">DESIGN ET FINITIONS<br \/>\nPERSONNALIS\u00c9S<\/h2>\n<p>Grand nombre de finitions et coloris disponibles : depuis le PVC pur (sans aucun traitement de couleur); en passant par une finition foli\u00e9e, pour arriver \u00e0 des finitions tr\u00e8s d\u00e9coratives, imitant la texture et la couleur du bois naturel (ch\u00eane, noyer\u2026) ou une finition laqu\u00e9e du nuancier de couleurs RAL.[\/vc_column_text][vc_column_text el_class=\u00a0\u00bbicones-text-2l\u00a0\u00bb]<\/p>\n<ul>\n<li><img decoding=\"async\" class=\"icona icona-m cercle colors\" src=\"https:\/\/grabalosa.com\/finestres\/wp-content\/uploads\/sites\/3\/2018\/07\/colors-acabats.svg\" alt=\"Grande possibilit\u00e9 de couleurs et de finitions\"><span class=\"white-t\">Grande possibilit\u00e9 de couleurs et de finitions<\/span><\/li>\n<\/ul>\n<p>[\/vc_column_text][\/vc_column][vc_column width=\u00a0\u00bb1\/2&Prime; el_class=\u00a0\u00bbwhite-t imatge-m5&Prime; css=\u00a0\u00bb.vc_custom_1531996547134{padding-right: 0px !important;padding-left: 0px !important;}\u00a0\u00bb offset=\u00a0\u00bbvc_col-lg-6 vc_col-md-6 vc_hidden-md vc_hidden-sm vc_col-xs-12 vc_hidden-xs\u00a0\u00bb][vc_single_image image=\u00a0\u00bb4911&Prime; img_size=\u00a0\u00bbfull\u00a0\u00bb alignment=\u00a0\u00bbcenter\u00a0\u00bb qode_css_animation=\u00a0\u00bb\u00a0\u00bb][\/vc_column][\/vc_row][vc_row css_animation=\u00a0\u00bb\u00a0\u00bb row_type=\u00a0\u00bbrow\u00a0\u00bb use_row_as_full_screen_section=\u00a0\u00bbyes\u00a0\u00bb type=\u00a0\u00bbfull_width\u00a0\u00bb angled_section=\u00a0\u00bbno\u00a0\u00bb text_align=\u00a0\u00bbleft\u00a0\u00bb background_image_as_pattern=\u00a0\u00bbwithout_pattern\u00a0\u00bb css=\u00a0\u00bb.vc_custom_1531996054910{background-color: #575757 !important;}\u00a0\u00bb z_index=\u00a0\u00bb\u00a0\u00bb el_class=\u00a0\u00bbmodul-5&Prime;][vc_column width=\u00a0\u00bb1\/2&Prime; el_class=\u00a0\u00bbwhite-t text-m5&Prime; css=\u00a0\u00bb.vc_custom_1581338273843{padding-top: 55px !important;padding-right: 20px !important;padding-bottom: 45px !important;padding-left: 20px !important;}\u00a0\u00bb offset=\u00a0\u00bbvc_col-lg-6 vc_hidden-lg vc_col-md-6 vc_col-xs-12&Prime;][vc_column_text]<\/p>\n<h2 class=\"h1 no-subtitol\">DESIGN ET FINITIONS<br \/>\nPERSONNALIS\u00c9S<\/h2>\n<p>Grand nombre de finitions et coloris disponibles : depuis le PVC pur (sans aucun traitement de couleur); en passant par une finition foli\u00e9e, pour arriver \u00e0 des finitions tr\u00e8s d\u00e9coratives, imitant la texture et la couleur du bois naturel (ch\u00eane, noyer\u2026) ou une finition laqu\u00e9e du nuancier de couleurs RAL.[\/vc_column_text][vc_column_text el_class=\u00a0\u00bbicones-text-2l\u00a0\u00bb]<\/p>\n<ul>\n<li><img decoding=\"async\" class=\"icona icona-m cercle colors\" src=\"https:\/\/grabalosa.com\/finestres\/wp-content\/uploads\/sites\/3\/2018\/07\/colors-acabats.svg\" alt=\"Grande possibilit\u00e9 de couleurs et de finitions\"><span class=\"white-t\">Grande possibilit\u00e9 de couleurs et de finitions<\/span><\/li>\n<\/ul>\n<p>[\/vc_column_text][\/vc_column][vc_column width=\u00a0\u00bb1\/2&Prime; el_class=\u00a0\u00bbwhite-t imatge-m5&Prime; css=\u00a0\u00bb.vc_custom_1531996571629{padding-right: 0px !important;padding-left: 0px !important;}\u00a0\u00bb offset=\u00a0\u00bbvc_col-lg-6 vc_hidden-lg vc_col-md-6 vc_col-xs-12&Prime;][vc_single_image image=\u00a0\u00bb4911&Prime; img_size=\u00a0\u00bbfull\u00a0\u00bb alignment=\u00a0\u00bbcenter\u00a0\u00bb qode_css_animation=\u00a0\u00bb\u00a0\u00bb][\/vc_column][\/vc_row][vc_row css_animation=\u00a0\u00bb\u00a0\u00bb row_type=\u00a0\u00bbrow\u00a0\u00bb use_row_as_full_screen_section=\u00a0\u00bbyes\u00a0\u00bb type=\u00a0\u00bbgrid\u00a0\u00bb angled_section=\u00a0\u00bbno\u00a0\u00bb text_align=\u00a0\u00bbleft\u00a0\u00bb background_image_as_pattern=\u00a0\u00bbwithout_pattern\u00a0\u00bb css=\u00a0\u00bb.vc_custom_1537550429227{padding-top: 70px !important;padding-bottom: 70px !important;background-color: #f1f1f1 !important;}\u00a0\u00bb z_index=\u00a0\u00bb\u00a0\u00bb el_class=\u00a0\u00bbmodul-3&Prime;][vc_column el_class=\u00a0\u00bbassessor\u00a0\u00bb offset=\u00a0\u00bbvc_col-lg-offset-2 vc_col-lg-8 vc_col-md-offset-2 vc_col-md-8 vc_col-sm-offset-0 vc_col-xs-12&Prime;][vc_column_text el_class=\u00a0\u00bbtext-left text-descriptiu-3&Prime;]<\/p>\n<h5>SERVICE CLIENT<\/h5>\n<p>[\/vc_column_text][vc_column_text el_class=\u00a0\u00bbtext-left text-descriptiu-3&Prime;]<\/p>\n<h2 class=\"h1\">Renseignement gratuit<\/h2>\n<div>Si vous souhaitez en savoir plus sur nos fen\u00eatres en PVC, n\u2019h\u00e9sitez pas \u00e0 nous contacter, nous nous ferons un plaisir de vous renseigner, de vous guider dans le choix du produit qui s\u2019adapte le mieux \u00e0 votre besoin, et de vous faire un devis si vous le souhaitez.<\/div>\n<p>[\/vc_column_text][vc_row_inner row_type=\u00a0\u00bbrow\u00a0\u00bb type=\u00a0\u00bbfull_width\u00a0\u00bb text_align=\u00a0\u00bbleft\u00a0\u00bb css_animation=\u00a0\u00bb\u00a0\u00bb css=\u00a0\u00bb.vc_custom_1528016690302{margin-top: 40px !important;}\u00a0\u00bb][vc_column_inner width=\u00a0\u00bb1\/2&Prime; offset=\u00a0\u00bbvc_col-lg-6 vc_col-md-6 vc_col-xs-12&Prime;]\n\n\t<a href=\"https:\/\/grabalosa.com\/finestres\/contacte\/#formulari\" target=\"_self\" style=\"color: #ffffff;background-color: #1d1d1b;font-size: 16px;font-weight: 300;text-transform: uppercase;font-style: normal\" class=\"qode-btn qode-btn-medium qode-btn-solid qode-btn-custom-hover-bg qode-btn-custom-hover-color qode-btn-icon boto-assessor spu-open-3230 qode-btn-default-hover\" data-hover-bg-color=\"#555555\" data-hover-color=\"#f2f2f2\" >\n\t    <span class=\"qode-btn-text\">CONTACTEZ-NOUS<\/span><span class=\"qode-button-v2-icon-holder\" style=\"font-size: 16px\" ><i class=\"qode_icon_font_awesome fa fa-envelope qode-button-v2-icon-holder-inner\" ><\/i><\/span>\t<\/a>\n\n[\/vc_column_inner][vc_column_inner width=\u00a0\u00bb1\/2&Prime; offset=\u00a0\u00bbvc_col-lg-6 vc_col-md-6 vc_col-xs-12&Prime;]\n\n\t<a href=\"tel:+34972788028\" target=\"_self\" style=\"color: #ffffff;background-color: #1d1d1b;font-size: 16px;font-weight: 300;text-transform: uppercase;font-style: normal\" class=\"qode-btn qode-btn-medium qode-btn-solid qode-btn-custom-hover-bg qode-btn-custom-hover-color qode-btn-icon boto-assessor qode-btn-default-hover\" data-hover-bg-color=\"#555555\" data-hover-color=\"#f2f2f2\" >\n\t    <span class=\"qode-btn-text\">(34) 972 788 028<\/span><span class=\"qode-button-v2-icon-holder\" style=\"font-size: 16px\" ><i class=\"qode_icon_font_awesome fa fa-phone qode-button-v2-icon-holder-inner\" ><\/i><\/span>\t<\/a>\n\n[\/vc_column_inner][\/vc_row_inner][\/vc_column][\/vc_row]<\/p>\n<\/div>","protected":false},"excerpt":{"rendered":"<p>[vc_row css_animation=\u00a0\u00bb\u00a0\u00bb row_type=\u00a0\u00bbrow\u00a0\u00bb use_row_as_full_screen_section=\u00a0\u00bbno\u00a0\u00bb type=\u00a0\u00bbgrid\u00a0\u00bb angled_section=\u00a0\u00bbno\u00a0\u00bb text_align=\u00a0\u00bbleft\u00a0\u00bb background_image_as_pattern=\u00a0\u00bbwithout_pattern\u00a0\u00bb css=\u00a0\u00bb.vc_custom_1550745931287{padding-bottom: 40px !important;background-color: #ececec !important;}\u00a0\u00bb z_index=\u00a0\u00bb\u00a0\u00bb el_class=\u00a0\u00bbtitol-producte flex-section flex-section-600&Prime;][vc_column width=\u00a0\u00bb5\/12&Prime; offset=\u00a0\u00bbvc_col-lg-6 vc_col-md-6 vc_col-xs-12&Prime;][vc_column_text] Fen\u00eatres en PVC Prix et fonctionnalit\u00e9 [\/vc_column_text][\/vc_column][vc_column width=\u00a0\u00bb7\/12&Prime; offset=\u00a0\u00bbvc_col-lg-6 vc_col-md-6 vc_col-xs-12&Prime;][vc_single_image image=\u00a0\u00bb4692&Prime; img_size=\u00a0\u00bbfull\u00a0\u00bb alignment=\u00a0\u00bbcenter\u00a0\u00bb qode_css_animation=\u00a0\u00bb\u00a0\u00bb el_class=\u00a0\u00bbimatge-caract-1&Prime;][\/vc_column][\/vc_row][vc_row css_animation=\u00a0\u00bb\u00a0\u00bb row_type=\u00a0\u00bbrow\u00a0\u00bb use_row_as_full_screen_section=\u00a0\u00bbno\u00a0\u00bb type=\u00a0\u00bbgrid\u00a0\u00bb angled_section=\u00a0\u00bbno\u00a0\u00bb text_align=\u00a0\u00bbleft\u00a0\u00bb background_image_as_pattern=\u00a0\u00bbwithout_pattern\u00a0\u00bb css=\u00a0\u00bb.vc_custom_1545160283181{padding-top:&#8230;<\/p>\n","protected":false},"author":1,"featured_media":0,"parent":4185,"menu_order":2,"comment_status":"closed","ping_status":"closed","template":"full_width.php","meta":{"footnotes":""},"class_list":["post-4663","page","type-page","status-publish","hentry"],"aioseo_notices":[],"_links":{"self":[{"href":"https:\/\/grabalosa.com\/finestres\/fr\/wp-json\/wp\/v2\/pages\/4663","targetHints":{"allow":["GET"]}}],"collection":[{"href":"https:\/\/grabalosa.com\/finestres\/fr\/wp-json\/wp\/v2\/pages"}],"about":[{"href":"https:\/\/grabalosa.com\/finestres\/fr\/wp-json\/wp\/v2\/types\/page"}],"author":[{"embeddable":true,"href":"https:\/\/grabalosa.com\/finestres\/fr\/wp-json\/wp\/v2\/users\/1"}],"replies":[{"embeddable":true,"href":"https:\/\/grabalosa.com\/finestres\/fr\/wp-json\/wp\/v2\/comments?post=4663"}],"version-history":[{"count":39,"href":"https:\/\/grabalosa.com\/finestres\/fr\/wp-json\/wp\/v2\/pages\/4663\/revisions"}],"predecessor-version":[{"id":11157,"href":"https:\/\/grabalosa.com\/finestres\/fr\/wp-json\/wp\/v2\/pages\/4663\/revisions\/11157"}],"up":[{"embeddable":true,"href":"https:\/\/grabalosa.com\/finestres\/fr\/wp-json\/wp\/v2\/pages\/4185"}],"wp:attachment":[{"href":"https:\/\/grabalosa.com\/finestres\/fr\/wp-json\/wp\/v2\/media?parent=4663"}],"curies":[{"name":"wp","href":"https:\/\/api.w.org\/{rel}","templated":true}]}}