{"id":4250,"date":"2020-05-22T17:06:06","date_gmt":"2020-05-22T15:06:06","guid":{"rendered":"http:\/\/ambdues.cat\/finestres\/fenetres\/toitures-terrasses-et-facades\/terrasses\/"},"modified":"2022-06-27T10:36:33","modified_gmt":"2022-06-27T08:36:33","slug":"terrasses","status":"publish","type":"page","link":"https:\/\/grabalosa.com\/finestres\/fr\/toitures-terrasses-et-facades\/terrasses\/","title":{"rendered":"Terrasses"},"content":{"rendered":"<div class=\"wpb-content-wrapper\"><p>[vc_row css_animation=\u00a0\u00bb\u00a0\u00bb row_type=\u00a0\u00bbrow\u00a0\u00bb use_row_as_full_screen_section=\u00a0\u00bbno\u00a0\u00bb type=\u00a0\u00bbgrid\u00a0\u00bb angled_section=\u00a0\u00bbno\u00a0\u00bb text_align=\u00a0\u00bbleft\u00a0\u00bb background_image_as_pattern=\u00a0\u00bbwithout_pattern\u00a0\u00bb css=\u00a0\u00bb.vc_custom_1550765150843{background-color: #ececec !important;}\u00a0\u00bb z_index=\u00a0\u00bb\u00a0\u00bb el_class=\u00a0\u00bbtitol-producte flex-section flex-section-600 titol-terrasses\u00a0\u00bb][vc_column offset=\u00a0\u00bbvc_col-lg-6 vc_col-md-7 vc_col-xs-12&Prime;][vc_column_text]<\/p>\n<h1 class=\"w-400\">Fermetures de terrasses<\/h1>\n<h1>Pour en profitter toute l&rsquo;ann\u00e9<\/h1>\n<p>[\/vc_column_text][vc_column_text el_class=\u00a0\u00bbicones-text-titol icones-text-titol-resp1000&Prime;]<\/p>\n<ul>\n<li><img decoding=\"async\" class=\"icona icona-s cercle optimitzacio\" src=\"https:\/\/grabalosa.com\/finestres\/wp-content\/uploads\/sites\/3\/2018\/07\/optimitzacio-espai.svg\" alt=\"Optimisation de l'espace\"><span class=\"no-marxis\">Optimisation de l&rsquo;espace<\/span><\/li>\n<li><img decoding=\"async\" class=\"icona icona-s cercle dif\" src=\"https:\/\/grabalosa.com\/finestres\/wp-content\/uploads\/sites\/3\/2018\/07\/disseny-funcionalitat.svg\" alt=\"Design et fonctionnalit\u00e9\"><span class=\"no-marxis\">Design et fonctionnalit\u00e9<\/span><\/li>\n<\/ul>\n<p>[\/vc_column_text][\/vc_column][vc_column offset=\u00a0\u00bbvc_col-lg-6 vc_col-md-5 vc_col-xs-12&Prime;][vc_single_image image=\u00a0\u00bb4276&Prime; img_size=\u00a0\u00bbfull\u00a0\u00bb alignment=\u00a0\u00bbcenter\u00a0\u00bb qode_css_animation=\u00a0\u00bb\u00a0\u00bb][\/vc_column][\/vc_row][vc_row css_animation=\u00a0\u00bb\u00a0\u00bb row_type=\u00a0\u00bbrow\u00a0\u00bb use_row_as_full_screen_section=\u00a0\u00bbno\u00a0\u00bb type=\u00a0\u00bbgrid\u00a0\u00bb angled_section=\u00a0\u00bbno\u00a0\u00bb text_align=\u00a0\u00bbleft\u00a0\u00bb background_image_as_pattern=\u00a0\u00bbwithout_pattern\u00a0\u00bb css=\u00a0\u00bb.vc_custom_1545160283181{padding-top: 100px !important;padding-bottom: 100px !important;}\u00a0\u00bb z_index=\u00a0\u00bb\u00a0\u00bb el_class=\u00a0\u00bbmodul-1&Prime;][vc_column width=\u00a0\u00bb1\/2&Prime; offset=\u00a0\u00bbvc_col-lg-6 vc_col-md-6 vc_col-xs-12&Prime;][vc_gallery type=\u00a0\u00bbflexslider_slide\u00a0\u00bb interval=\u00a0\u00bb3&Prime; images=\u00a0\u00bb4258,4252,4273,4270,4264,4261,4255,4267&Prime; img_size=\u00a0\u00bbfull\u00a0\u00bb direction_nav=\u00a0\u00bbyes\u00a0\u00bb control_nav=\u00a0\u00bbno\u00a0\u00bb show_image_description=\u00a0\u00bbyes\u00a0\u00bb pause_on_hover=\u00a0\u00bbno\u00a0\u00bb frame=\u00a0\u00bbno\u00a0\u00bb el_class=\u00a0\u00bbgaleria-s-m1&Prime;][\/vc_column][vc_column css_animation=\u00a0\u00bbright-to-left\u00a0\u00bb width=\u00a0\u00bb1\/2&Prime; offset=\u00a0\u00bbvc_col-lg-6 vc_col-md-6 vc_col-xs-12&Prime;][vc_column_text el_class=\u00a0\u00bbtext-descriptiu-1 text-left\u00a0\u00bb]<\/p>\n<h1>Homologu\u00e9es et flexibles<\/h1>\n<p>Les fermetures vitr\u00e9es pour terrasses sont une solution autant pour les maisons que pour les entreprises. Elles permettent de gagner de l\u2019espace dans une zone o\u00fa, en circonstances normales, on pourrait seulement en profiter une saison par an.<\/p>\n<p>Avec ce syst\u00e8me de fermeture vitr\u00e9e design, sans profils apparents d\u2019aluminium vertical, on gagne en lumi\u00e8re et en confort. Avec une isolation totale, ce syst\u00e8me nous permet d\u2019ouvrir et de fermer la pi\u00e8ce en fonction de la climatologie ext\u00e9rieure.[\/vc_column_text]<div class=\"qode-accordion-holder clearfix qode-toggle qode-initial \">\n\t<h6 class=\"clearfix qode-title-holder\">\n<span class=\"qode-tab-title\">\n\t    <span class=\"qode-tab-title-inner\">\n        Lire plus    <\/span>\n<\/span>\n<span class=\"qode-accordion-mark\">\n    <span class=\"qode-accordion-mark-icon\">\n        <span class=\"icon_plus\"><\/span>\n        <span class=\"icon_minus-06\"><\/span>\n    <\/span>\n<\/span>\n<\/h6>\n<div  class=\"qode-accordion-content \" style=\"padding: 0 0 0 0\">\n    <div class=\"qode-accordion-content-inner\">\n        [vc_column_text el_class=\u00a0\u00bbtext-descriptiu-1 text-left\u00a0\u00bb]C\u2019est une solution homologu\u00e9e, tr\u00e8s flexible, qui s\u2019int\u00e8gre \u00e0 tous les styles d\u2019architecture. Verri\u00e8res coulissantes ou repliables, ou toitures mobiles s\u2019adaptant \u00e0 tous les espaces de construction qu\u2019ils soient de forme r\u00e9guli\u00e8re, irr\u00e9guli\u00e8re ou m\u00eame cintr\u00e9e. <\/p>\n<p>PRODUIT: ACRISTALIA[\/vc_column_text]    <\/div>\n<\/div><\/div>[\/vc_column][\/vc_row][vc_row css_animation=\u00a0\u00bb\u00a0\u00bb row_type=\u00a0\u00bbrow\u00a0\u00bb use_row_as_full_screen_section=\u00a0\u00bbno\u00a0\u00bb type=\u00a0\u00bbgrid\u00a0\u00bb angled_section=\u00a0\u00bbno\u00a0\u00bb text_align=\u00a0\u00bbleft\u00a0\u00bb background_image_as_pattern=\u00a0\u00bbwithout_pattern\u00a0\u00bb z_index=\u00a0\u00bb\u00a0\u00bb css=\u00a0\u00bb.vc_custom_1545132089421{background-color: #f6f6f6 !important;}\u00a0\u00bb el_class=\u00a0\u00bbaltres-models modul-porta modul-faqs modul-accord-portes\u00a0\u00bb][vc_column css=\u00a0\u00bb.vc_custom_1544029349173{padding-top: 80px !important;padding-bottom: 80px !important;}\u00a0\u00bb]<div class=\"qode-accordion-holder clearfix qode-toggle qode-initial \">\n\t<h5 class=\"clearfix qode-title-holder\">\n<span class=\"qode-tab-title\">\n\t    <span class=\"qode-tab-title-inner\">\n        Garantie de qualit\u00e9    <\/span>\n<\/span>\n<span class=\"qode-accordion-mark\">\n    <span class=\"qode-accordion-mark-icon\">\n        <span class=\"icon_plus\"><\/span>\n        <span class=\"icon_minus-06\"><\/span>\n    <\/span>\n<\/span>\n<\/h5>\n<div  class=\"qode-accordion-content \" style=\"padding: 4px 0 70px 0\">\n    <div class=\"qode-accordion-content-inner\">\n        [vc_column_text el_class=\u00a0\u00bbac-portes-garantia-qualitat text-left\u00a0\u00bb]<\/p>\n<h3>GARANTIE DE QUALIT\u00c9<\/h3>\n<p>Ce syst\u00e8me \u00e0 son label CE dans le processus de fabrication. Aussi est expos\u00e9 \u00e0 un test des essais pour donner garantie de r\u00e9sistance au vent et aux forces de manoeuvres europ\u00e9ennes.<\/p>\n<h4 class=\"h4-little\">HOMOLOGATION<\/h4>\n<ul>\n<li><img decoding=\"async\" src=\"https:\/\/grabalosa.com\/finestres\/wp-content\/uploads\/sites\/3\/2018\/07\/mercat-europeu.svg\" alt=\"Ic\u00f4ne du march\u00e9 europ\u00e9en\" width=\"100\"><\/li>\n<li><img decoding=\"async\" src=\"https:\/\/grabalosa.com\/finestres\/wp-content\/uploads\/sites\/3\/2018\/07\/codi-tecnic-construccio.svg\" alt=\"Abr\u00e9viations du Code Technique de Construction\" width=\"100\"><\/li>\n<\/ul>\n<p>[\/vc_column_text]    <\/div>\n<\/div><\/div>[\/vc_column][\/vc_row][vc_row css_animation=\u00a0\u00bb\u00a0\u00bb row_type=\u00a0\u00bbrow\u00a0\u00bb use_row_as_full_screen_section=\u00a0\u00bbyes\u00a0\u00bb type=\u00a0\u00bbgrid\u00a0\u00bb angled_section=\u00a0\u00bbno\u00a0\u00bb text_align=\u00a0\u00bbleft\u00a0\u00bb background_image_as_pattern=\u00a0\u00bbwithout_pattern\u00a0\u00bb css=\u00a0\u00bb.vc_custom_1531996322139{background-color: #575757 !important;}\u00a0\u00bb z_index=\u00a0\u00bb\u00a0\u00bb el_class=\u00a0\u00bbmodul-5 p-row\u00a0\u00bb][vc_column width=\u00a0\u00bb1\/2&Prime; el_class=\u00a0\u00bbwhite-t text-m5&Prime; css=\u00a0\u00bb.vc_custom_1531996555338{padding-top: 70px !important;padding-right: 20px !important;padding-bottom: 70px !important;padding-left: 20px !important;}\u00a0\u00bb offset=\u00a0\u00bbvc_col-lg-6 vc_col-md-6 vc_hidden-md vc_hidden-sm vc_col-xs-12 vc_hidden-xs\u00a0\u00bb][vc_column_text]<\/p>\n<h1>POUR LES PARTICULIERS<\/h1>\n<h1>ET POUR LES ENTREPRISES<\/h1>\n<h6><\/h6>\n<p>C\u2019est un produit parfait pour profiter des espaces ouverts de votre maison ou de votre entreprise. Avec un double profit : plus de vision panoramique de la terrasse et utilisation de 100% l\u2019espace utile.[\/vc_column_text][vc_column_text el_class=\u00a0\u00bbicones-text-2l\u00a0\u00bb]<\/p>\n<ul>\n<li><img decoding=\"async\" class=\"icona icona-m cercle cuina\" src=\"https:\/\/grabalosa.com\/finestres\/wp-content\/uploads\/sites\/3\/2018\/09\/ideal-sector-hosteleria-blanc.svg\" alt=\"Id\u00e9al secteur h\u00f4tellerie\"><span class=\"white-t\">Id\u00e9al secteur h\u00f4tellerie<\/span><\/li>\n<\/ul>\n<p>[\/vc_column_text][\/vc_column][vc_column width=\u00a0\u00bb1\/2&Prime; el_class=\u00a0\u00bbwhite-t imatge-m5&Prime; css=\u00a0\u00bb.vc_custom_1531996547134{padding-right: 0px !important;padding-left: 0px !important;}\u00a0\u00bb offset=\u00a0\u00bbvc_col-lg-6 vc_col-md-6 vc_hidden-md vc_hidden-sm vc_col-xs-12 vc_hidden-xs\u00a0\u00bb][vc_single_image image=\u00a0\u00bb4279&Prime; img_size=\u00a0\u00bbfull\u00a0\u00bb alignment=\u00a0\u00bbcenter\u00a0\u00bb qode_css_animation=\u00a0\u00bb\u00a0\u00bb][\/vc_column][\/vc_row][vc_row css_animation=\u00a0\u00bb\u00a0\u00bb row_type=\u00a0\u00bbrow\u00a0\u00bb use_row_as_full_screen_section=\u00a0\u00bbyes\u00a0\u00bb type=\u00a0\u00bbfull_width\u00a0\u00bb angled_section=\u00a0\u00bbno\u00a0\u00bb text_align=\u00a0\u00bbleft\u00a0\u00bb background_image_as_pattern=\u00a0\u00bbwithout_pattern\u00a0\u00bb css=\u00a0\u00bb.vc_custom_1531996054910{background-color: #575757 !important;}\u00a0\u00bb z_index=\u00a0\u00bb\u00a0\u00bb el_class=\u00a0\u00bbmodul-5&Prime;][vc_column width=\u00a0\u00bb1\/2&Prime; el_class=\u00a0\u00bbwhite-t text-m5&Prime; css=\u00a0\u00bb.vc_custom_1531996565712{padding-top: 70px !important;padding-right: 20px !important;padding-bottom: 70px !important;padding-left: 20px !important;}\u00a0\u00bb offset=\u00a0\u00bbvc_col-lg-6 vc_hidden-lg vc_col-md-6 vc_col-xs-12&Prime;][vc_column_text]<\/p>\n<h1>POUR LES PARTICULIERS<\/h1>\n<h1>ET POUR LES ENTREPRISES<\/h1>\n<h6><\/h6>\n<p>C\u2019est un produit parfait pour profiter des espaces ouverts de votre maison ou de votre entreprise. Avec un double profit : plus de vision panoramique de la terrasse et utilisation de 100% l\u2019espace utile.[\/vc_column_text][vc_column_text el_class=\u00a0\u00bbicones-text-2l\u00a0\u00bb]<\/p>\n<ul>\n<li><img decoding=\"async\" class=\"icona icona-m cercle cuina\" src=\"https:\/\/grabalosa.com\/finestres\/wp-content\/uploads\/sites\/3\/2018\/09\/ideal-sector-hosteleria-blanc.svg\" alt=\"Id\u00e9al secteur h\u00f4tellerie\"><span class=\"white-t\">Id\u00e9al secteur h\u00f4tellerie<\/span><\/li>\n<\/ul>\n<p>[\/vc_column_text][\/vc_column][vc_column width=\u00a0\u00bb1\/2&Prime; el_class=\u00a0\u00bbwhite-t imatge-m5&Prime; css=\u00a0\u00bb.vc_custom_1531996571629{padding-right: 0px !important;padding-left: 0px !important;}\u00a0\u00bb offset=\u00a0\u00bbvc_col-lg-6 vc_hidden-lg vc_col-md-6 vc_col-xs-12&Prime;][vc_single_image image=\u00a0\u00bb4279&Prime; img_size=\u00a0\u00bbfull\u00a0\u00bb alignment=\u00a0\u00bbcenter\u00a0\u00bb qode_css_animation=\u00a0\u00bb\u00a0\u00bb][\/vc_column][\/vc_row][vc_row css_animation=\u00a0\u00bb\u00a0\u00bb row_type=\u00a0\u00bbrow\u00a0\u00bb use_row_as_full_screen_section=\u00a0\u00bbyes\u00a0\u00bb type=\u00a0\u00bbgrid\u00a0\u00bb angled_section=\u00a0\u00bbno\u00a0\u00bb text_align=\u00a0\u00bbleft\u00a0\u00bb background_image_as_pattern=\u00a0\u00bbwithout_pattern\u00a0\u00bb css=\u00a0\u00bb.vc_custom_1538216246763{padding-top: 70px !important;padding-bottom: 70px !important;background-color: #ffffff !important;}\u00a0\u00bb z_index=\u00a0\u00bb\u00a0\u00bb el_class=\u00a0\u00bbmodul-3&Prime;][vc_column el_class=\u00a0\u00bbassessor\u00a0\u00bb offset=\u00a0\u00bbvc_col-lg-offset-2 vc_col-lg-8 vc_col-md-offset-2 vc_col-md-8 vc_col-sm-offset-0 vc_col-xs-12&Prime;][vc_column_text el_class=\u00a0\u00bbtext-left text-descriptiu-3&Prime;]<\/p>\n<h5>SERVICE CLIENT<\/h5>\n<p>[\/vc_column_text][vc_column_text el_class=\u00a0\u00bbtext-left text-descriptiu-3&Prime;]<\/p>\n<h1>Renseignement gratuit<\/h1>\n<p>Si vous \u00eates int\u00e9ress\u00e9s par ce type de produit et que vous avez besoin de plus d\u2019informations ou d\u2019une estimation budg\u00e9taire, n\u2019h\u00e9sitez pas \u00e0 contacter notre service client qui saura vous accompagner pas \u00e0 pas dans votre projet.[\/vc_column_text][vc_row_inner row_type=\u00a0\u00bbrow\u00a0\u00bb type=\u00a0\u00bbfull_width\u00a0\u00bb text_align=\u00a0\u00bbleft\u00a0\u00bb css_animation=\u00a0\u00bb\u00a0\u00bb css=\u00a0\u00bb.vc_custom_1528016690302{margin-top: 40px !important;}\u00a0\u00bb][vc_column_inner width=\u00a0\u00bb1\/2&Prime; offset=\u00a0\u00bbvc_col-lg-6 vc_col-md-6 vc_col-xs-12&Prime;]\n\n\t<a href=\"https:\/\/grabalosa.com\/finestres\/contacte\/#formulari\" target=\"_self\" style=\"color: #ffffff;background-color: #1d1d1b;font-size: 16px;font-weight: 300;text-transform: uppercase;font-style: normal\" class=\"qode-btn qode-btn-medium qode-btn-solid qode-btn-custom-hover-bg qode-btn-custom-hover-color qode-btn-icon boto-assessor spu-open-3230 qode-btn-default-hover\" data-hover-bg-color=\"#555555\" data-hover-color=\"#f2f2f2\" >\n\t    <span class=\"qode-btn-text\">CONTACTEZ-NOUS<\/span><span class=\"qode-button-v2-icon-holder\" style=\"font-size: 16px\" ><i class=\"qode_icon_font_awesome fa fa-envelope qode-button-v2-icon-holder-inner\" ><\/i><\/span>\t<\/a>\n\n[\/vc_column_inner][vc_column_inner width=\u00a0\u00bb1\/2&Prime; offset=\u00a0\u00bbvc_col-lg-6 vc_col-md-6 vc_col-xs-12&Prime;]\n\n\t<a href=\"tel:+34972788028\" target=\"_self\" style=\"color: #ffffff;background-color: #1d1d1b;font-size: 16px;font-weight: 300;text-transform: uppercase;font-style: normal\" class=\"qode-btn qode-btn-medium qode-btn-solid qode-btn-custom-hover-bg qode-btn-custom-hover-color qode-btn-icon boto-assessor qode-btn-default-hover\" data-hover-bg-color=\"#555555\" data-hover-color=\"#f2f2f2\" >\n\t    <span class=\"qode-btn-text\">(34) 972 788 028<\/span><span class=\"qode-button-v2-icon-holder\" style=\"font-size: 16px\" ><i class=\"qode_icon_font_awesome fa fa-phone qode-button-v2-icon-holder-inner\" ><\/i><\/span>\t<\/a>\n\n[\/vc_column_inner][\/vc_row_inner][\/vc_column][\/vc_row]<\/p>\n<\/div>","protected":false},"excerpt":{"rendered":"<p>[vc_row css_animation=\u00a0\u00bb\u00a0\u00bb row_type=\u00a0\u00bbrow\u00a0\u00bb use_row_as_full_screen_section=\u00a0\u00bbno\u00a0\u00bb type=\u00a0\u00bbgrid\u00a0\u00bb angled_section=\u00a0\u00bbno\u00a0\u00bb text_align=\u00a0\u00bbleft\u00a0\u00bb background_image_as_pattern=\u00a0\u00bbwithout_pattern\u00a0\u00bb css=\u00a0\u00bb.vc_custom_1550765150843{background-color: #ececec !important;}\u00a0\u00bb z_index=\u00a0\u00bb\u00a0\u00bb el_class=\u00a0\u00bbtitol-producte flex-section flex-section-600 titol-terrasses\u00a0\u00bb][vc_column offset=\u00a0\u00bbvc_col-lg-6 vc_col-md-7 vc_col-xs-12&Prime;][vc_column_text] Fermetures de terrasses Pour en profitter toute l&rsquo;ann\u00e9 [\/vc_column_text][vc_column_text el_class=\u00a0\u00bbicones-text-titol icones-text-titol-resp1000&Prime;] Optimisation de l&rsquo;espace Design et fonctionnalit\u00e9 [\/vc_column_text][\/vc_column][vc_column offset=\u00a0\u00bbvc_col-lg-6 vc_col-md-5 vc_col-xs-12&Prime;][vc_single_image image=\u00a0\u00bb4276&Prime; img_size=\u00a0\u00bbfull\u00a0\u00bb alignment=\u00a0\u00bbcenter\u00a0\u00bb qode_css_animation=\u00a0\u00bb\u00a0\u00bb][\/vc_column][\/vc_row][vc_row css_animation=\u00a0\u00bb\u00a0\u00bb&#8230;<\/p>\n","protected":false},"author":1,"featured_media":0,"parent":4211,"menu_order":2,"comment_status":"closed","ping_status":"closed","template":"full_width.php","meta":{"footnotes":""},"class_list":["post-4250","page","type-page","status-publish","hentry"],"aioseo_notices":[],"_links":{"self":[{"href":"https:\/\/grabalosa.com\/finestres\/fr\/wp-json\/wp\/v2\/pages\/4250","targetHints":{"allow":["GET"]}}],"collection":[{"href":"https:\/\/grabalosa.com\/finestres\/fr\/wp-json\/wp\/v2\/pages"}],"about":[{"href":"https:\/\/grabalosa.com\/finestres\/fr\/wp-json\/wp\/v2\/types\/page"}],"author":[{"embeddable":true,"href":"https:\/\/grabalosa.com\/finestres\/fr\/wp-json\/wp\/v2\/users\/1"}],"replies":[{"embeddable":true,"href":"https:\/\/grabalosa.com\/finestres\/fr\/wp-json\/wp\/v2\/comments?post=4250"}],"version-history":[{"count":17,"href":"https:\/\/grabalosa.com\/finestres\/fr\/wp-json\/wp\/v2\/pages\/4250\/revisions"}],"predecessor-version":[{"id":10897,"href":"https:\/\/grabalosa.com\/finestres\/fr\/wp-json\/wp\/v2\/pages\/4250\/revisions\/10897"}],"up":[{"embeddable":true,"href":"https:\/\/grabalosa.com\/finestres\/fr\/wp-json\/wp\/v2\/pages\/4211"}],"wp:attachment":[{"href":"https:\/\/grabalosa.com\/finestres\/fr\/wp-json\/wp\/v2\/media?parent=4250"}],"curies":[{"name":"wp","href":"https:\/\/api.w.org\/{rel}","templated":true}]}}