{"id":3908,"date":"2020-05-22T12:54:55","date_gmt":"2020-05-22T10:54:55","guid":{"rendered":"http:\/\/ambdues.cat\/finestres\/ventanas\/tejados-terrazas-y-fachadas\/barandillas\/"},"modified":"2020-06-16T13:50:16","modified_gmt":"2020-06-16T11:50:16","slug":"barandillas","status":"publish","type":"page","link":"https:\/\/grabalosa.com\/finestres\/es\/tejados-terrazas-y-fachadas\/barandillas\/","title":{"rendered":"Barandillas"},"content":{"rendered":"<div class=\"wpb-content-wrapper\"><p>[vc_row css_animation=\u00bb\u00bb row_type=\u00bbrow\u00bb use_row_as_full_screen_section=\u00bbyes\u00bb type=\u00bbgrid\u00bb angled_section=\u00bbno\u00bb text_align=\u00bbleft\u00bb background_image_as_pattern=\u00bbwithout_pattern\u00bb css=\u00bb.vc_custom_1580754480044{padding-bottom: 20px !important;background-color: #ececec !important;}\u00bb z_index=\u00bb\u00bb el_class=\u00bbtitol-producte flex-section flex-section-600&#8243;][vc_column el_class=\u00bbtext-producte\u00bb offset=\u00bbvc_col-lg-6 vc_col-md-6 vc_col-xs-12&#8243;][vc_column_text]<\/p>\n<h1 class=\"w-400\">Barandillas<\/h1>\n<h1 class=\"w-400\">minimalistas<\/h1>\n<p>[\/vc_column_text][vc_column_text el_class=\u00bbicones-text-titol\u00bb]<\/p>\n<ul>\n<li><img decoding=\"async\" class=\"icona icona-s cercle resistencia\" src=\"https:\/\/grabalosa.com\/finestres\/wp-content\/uploads\/sites\/3\/2018\/07\/resistencia-durabilitat.svg\" alt=\"Resistencia y durabilidad\" \/><span class=\"no-marxis\">Resistencia y durabilidad<\/span><\/li>\n<li><img decoding=\"async\" class=\"icona icona-s cercle dif\" src=\"https:\/\/grabalosa.com\/finestres\/wp-content\/uploads\/sites\/3\/2018\/07\/disseny-funcionalitat.svg\" alt=\"Dise\u00f1o y funcionalidad\" \/><span class=\"no-marxis\">Dise\u00f1o y funcionalidad<\/span><\/li>\n<\/ul>\n<p>[\/vc_column_text][\/vc_column][vc_column el_class=\u00bbimatge-producte\u00bb offset=\u00bbvc_col-lg-6 vc_col-md-6 vc_col-xs-12&#8243;][vc_single_image image=\u00bb3953&#8243; img_size=\u00bbfull\u00bb alignment=\u00bbcenter\u00bb qode_css_animation=\u00bb\u00bb el_class=\u00bbimatge-caract-2&#8243;][\/vc_column][\/vc_row][vc_row css_animation=\u00bb\u00bb row_type=\u00bbrow\u00bb use_row_as_full_screen_section=\u00bbno\u00bb type=\u00bbgrid\u00bb angled_section=\u00bbno\u00bb text_align=\u00bbleft\u00bb background_image_as_pattern=\u00bbwithout_pattern\u00bb css=\u00bb.vc_custom_1531434215737{margin-top: 100px !important;margin-bottom: 100px !important;}\u00bb z_index=\u00bb\u00bb el_class=\u00bbmodul-1&#8243;][vc_column width=\u00bb1\/2&#8243;][vc_gallery type=\u00bbflexslider_slide\u00bb interval=\u00bb3&#8243; images=\u00bb3935,3938,3926,3944,3914,3947,3950,3932,3941,3929&#8243; img_size=\u00bbfull\u00bb direction_nav=\u00bbyes\u00bb control_nav=\u00bbno\u00bb show_image_description=\u00bbyes\u00bb pause_on_hover=\u00bbno\u00bb frame=\u00bbno\u00bb el_class=\u00bbgaleria-s-m1&#8243;][\/vc_column][vc_column width=\u00bb1\/2&#8243;][vc_column_text el_class=\u00bbtext-descriptiu-1 text-left\u00bb]<\/p>\n<h1>Seguridad invisible<\/h1>\n<p>Barandillas y protecci\u00f3n minimalistas para escaleras, de protecci\u00f3n de accesos, para espacios p\u00fablicos, para balcones y barandillas interiores, para exteriores.<\/p>\n<p>Soluciones de dise\u00f1o casi imperceptibles y que cumples las m\u00e1ximas garant\u00edas de seguridad, estabilidad y homologaci\u00f3n. Elaboramos un proyecto de viabilidad y estudiamos la soluci\u00f3n m\u00e1s adecuada en cada caso (anclajes, los materiales que se usan para la resistencia del vidrio, etc) para adelantarnos ante posibles riesgos que poder surgir en el paso del tiempo.[\/vc_column_text][\/vc_column][\/vc_row][vc_row css_animation=\u00bb\u00bb row_type=\u00bbrow\u00bb use_row_as_full_screen_section=\u00bbno\u00bb type=\u00bbgrid\u00bb angled_section=\u00bbno\u00bb text_align=\u00bbleft\u00bb background_image_as_pattern=\u00bbwithout_pattern\u00bb z_index=\u00bb\u00bb css=\u00bb.vc_custom_1545132089421{background-color: #f6f6f6 !important;}\u00bb el_class=\u00bbaltres-models modul-porta modul-faqs modul-accord-portes\u00bb][vc_column css=\u00bb.vc_custom_1544029349173{padding-top: 80px !important;padding-bottom: 80px !important;}\u00bb][vc_row_inner row_type=\u00bbrow\u00bb type=\u00bbgrid\u00bb text_align=\u00bbleft\u00bb css_animation=\u00bb\u00bb css=\u00bb.vc_custom_1582028529719{margin-bottom: 90px !important;}\u00bb][vc_column_inner width=\u00bb2\/3&#8243; offset=\u00bbvc_col-lg-offset-2 vc_col-md-offset-2 vc_col-sm-offset-2&#8243; css=\u00bb.vc_custom_1576607998177{margin-bottom: -40px !important;}\u00bb][vc_column_text el_class=\u00bbtext-left altres-text\u00bb css=\u00bb.vc_custom_1581937001048{margin-bottom: 30px !important;}\u00bb]<\/p>\n<h2>Sistemas de montaje<\/h2>\n<p>[\/vc_column_text][vc_single_image image=\u00bb5070&#8243; img_size=\u00bb500&#215;240&#8243; add_caption=\u00bbyes\u00bb alignment=\u00bbcenter\u00bb qode_css_animation=\u00bb\u00bb css=\u00bb.vc_custom_1591618964120{margin-top: 30px !important;}\u00bb][vc_single_image image=\u00bb5068&#8243; img_size=\u00bb500&#215;240&#8243; add_caption=\u00bbyes\u00bb alignment=\u00bbcenter\u00bb qode_css_animation=\u00bb\u00bb css=\u00bb.vc_custom_1591618980002{margin-top: 30px !important;}\u00bb][\/vc_column_inner][\/vc_row_inner]<div class=\"qode-accordion-holder clearfix qode-toggle qode-initial \">\n\t<h5 class=\"clearfix qode-title-holder\">\n<span class=\"qode-tab-title\">\n\t    <span class=\"qode-tab-title-inner\">\n        Ficha t\u00e9cnica    <\/span>\n<\/span>\n<span class=\"qode-accordion-mark\">\n    <span class=\"qode-accordion-mark-icon\">\n        <span class=\"icon_plus\"><\/span>\n        <span class=\"icon_minus-06\"><\/span>\n    <\/span>\n<\/span>\n<\/h5>\n<div  class=\"qode-accordion-content \" style=\"padding: 4px 0 70px 0\">\n    <div class=\"qode-accordion-content-inner\">\n        [vc_column_text el_class=\u00bbac-portes-sist-obertura text-left\u00bb]<\/p>\n<h3>FITXA T\u00c8CNICA<\/h3>\n<p><iframe loading=\"lazy\" style=\"margin-left: auto; margin-right: auto; margin-top: 20px;\" src=\"https:\/\/grabalosa.com\/finestres\/wp-content\/uploads\/sites\/3\/2020\/02\/Barandilla-View-Crystal.pdf#zoom=100&amp;view=fitH\" width=\"70%\" height=\"650px\" frameborder=\"0\" marginwidth=\"0\" marginheight=\"0\"><\/iframe>[\/vc_column_text]    <\/div>\n<\/div><h5 class=\"clearfix qode-title-holder\">\n<span class=\"qode-tab-title\">\n\t    <span class=\"qode-tab-title-inner\">\n        Garant\u00eda de calidad    <\/span>\n<\/span>\n<span class=\"qode-accordion-mark\">\n    <span class=\"qode-accordion-mark-icon\">\n        <span class=\"icon_plus\"><\/span>\n        <span class=\"icon_minus-06\"><\/span>\n    <\/span>\n<\/span>\n<\/h5>\n<div  class=\"qode-accordion-content \" style=\"padding: 4px 0 70px 0\">\n    <div class=\"qode-accordion-content-inner\">\n        [vc_column_text el_class=\u00bbac-portes-garantia-qualitat text-left\u00bb]<\/p>\n<h3>GARANT\u00cdA DE CALIDAD<\/h3>\n<p>Producto de calidad, respondiendo al C\u00f3digo T\u00e9cnico de la Construcci\u00f3n (CTE) y del Mercado Europeo (CE).<\/p>\n<h4 class=\"h4-little\">HOMOLOGACI\u00d3N<\/h4>\n<ul>\n<li><img decoding=\"async\" src=\"https:\/\/grabalosa.com\/finestres\/wp-content\/uploads\/sites\/3\/2018\/07\/mercat-europeu.svg\" alt=\"Icono Mercado Europeo\" width=\"100\" \/><\/li>\n<li><img decoding=\"async\" src=\"https:\/\/grabalosa.com\/finestres\/wp-content\/uploads\/sites\/3\/2018\/07\/codi-tecnic-construccio.svg\" alt=\"Siglas del C\u00f3digo T\u00e9cnico de la Construcci\u00f3n\" width=\"100\" \/><\/li>\n<\/ul>\n<p>[\/vc_column_text]    <\/div>\n<\/div><\/div>[\/vc_column][\/vc_row][vc_row css_animation=\u00bb\u00bb row_type=\u00bbrow\u00bb use_row_as_full_screen_section=\u00bbyes\u00bb type=\u00bbgrid\u00bb angled_section=\u00bbno\u00bb text_align=\u00bbleft\u00bb background_image_as_pattern=\u00bbwithout_pattern\u00bb css=\u00bb.vc_custom_1531996322139{background-color: #575757 !important;}\u00bb z_index=\u00bb\u00bb el_class=\u00bbmodul-5 p-row\u00bb][vc_column width=\u00bb1\/2&#8243; el_class=\u00bbwhite-t text-m5&#8243; css=\u00bb.vc_custom_1531996555338{padding-top: 70px !important;padding-right: 20px !important;padding-bottom: 70px !important;padding-left: 20px !important;}\u00bb offset=\u00bbvc_col-lg-6 vc_col-md-6 vc_hidden-md vc_hidden-sm vc_col-xs-12 vc_hidden-xs\u00bb][vc_column_text]<\/p>\n<h1>BARANDILLAS DE VIDRIO,<\/h1>\n<h1>INOX Y HIERRO<\/h1>\n<h6><\/h6>\n<p>Posibilidad de fabricar las barandillas con todo tipo de materiales y colores: acero inoxidable, hierro, carbono, acero Corten, hierro, vidrio, madera\u2026 Cons\u00faltenos sin compromiso.[\/vc_column_text][vc_column_text el_class=\u00bbicones-text-2l\u00bb]<\/p>\n<ul>\n<li><img decoding=\"async\" class=\"icona icona-m cercle resistencia\" src=\"https:\/\/grabalosa.com\/finestres\/wp-content\/uploads\/sites\/3\/\/2020\/02\/resistencia-durabilitat-blanc.svg\" alt=\"Resistencia y durabilidad\" \/><span class=\"white-t\">Resistencia y durabilidad<\/span><\/li>\n<\/ul>\n<p>[\/vc_column_text][\/vc_column][vc_column width=\u00bb1\/2&#8243; el_class=\u00bbwhite-t imatge-m5&#8243; css=\u00bb.vc_custom_1531996547134{padding-right: 0px !important;padding-left: 0px !important;}\u00bb offset=\u00bbvc_col-lg-6 vc_col-md-6 vc_hidden-md vc_hidden-sm vc_col-xs-12 vc_hidden-xs\u00bb][vc_gallery interval=\u00bb3&#8243; images=\u00bb3956,3923,3920,3917&#8243; img_size=\u00bbfull\u00bb direction_nav=\u00bbno\u00bb control_nav=\u00bbno\u00bb][\/vc_column][\/vc_row][vc_row css_animation=\u00bb\u00bb row_type=\u00bbrow\u00bb use_row_as_full_screen_section=\u00bbyes\u00bb type=\u00bbfull_width\u00bb angled_section=\u00bbno\u00bb text_align=\u00bbleft\u00bb background_image_as_pattern=\u00bbwithout_pattern\u00bb css=\u00bb.vc_custom_1531996054910{background-color: #575757 !important;}\u00bb z_index=\u00bb\u00bb el_class=\u00bbmodul-5&#8243;][vc_column width=\u00bb1\/2&#8243; el_class=\u00bbwhite-t text-m5&#8243; css=\u00bb.vc_custom_1531996565712{padding-top: 70px !important;padding-right: 20px !important;padding-bottom: 70px !important;padding-left: 20px !important;}\u00bb offset=\u00bbvc_col-lg-6 vc_hidden-lg vc_col-md-6 vc_col-xs-12&#8243;][vc_column_text]<\/p>\n<h1>BARANDILLAS DE VIDRIO,<\/h1>\n<h1>INOX Y HIERRO<\/h1>\n<h6><\/h6>\n<p>Posibilidad de fabricar las barandillas con todo tipo de materiales y colores: acero inoxidable, hierro, carbono, acero Corten, hierro, vidrio, madera\u2026 Cons\u00faltenos sin compromiso.[\/vc_column_text][vc_column_text el_class=\u00bbicones-text-2l\u00bb]<\/p>\n<ul>\n<li><img decoding=\"async\" class=\"icona icona-m cercle resistencia\" src=\"https:\/\/grabalosa.com\/finestres\/wp-content\/uploads\/sites\/3\/\/2020\/02\/resistencia-durabilitat-blanc.svg\" alt=\"Resistencia y durabilidad\" \/><span class=\"white-t\">Resistencia y durabilidad<\/span><\/li>\n<\/ul>\n<p>[\/vc_column_text][\/vc_column][vc_column width=\u00bb1\/2&#8243; el_class=\u00bbwhite-t imatge-m5&#8243; css=\u00bb.vc_custom_1531996571629{padding-right: 0px !important;padding-left: 0px !important;}\u00bb offset=\u00bbvc_col-lg-6 vc_hidden-lg vc_col-md-6 vc_col-xs-12&#8243;][vc_gallery interval=\u00bb3&#8243; images=\u00bb3956,3923,3920,3917&#8243; img_size=\u00bbfull\u00bb direction_nav=\u00bbno\u00bb control_nav=\u00bbno\u00bb][\/vc_column][\/vc_row][vc_row css_animation=\u00bb\u00bb row_type=\u00bbrow\u00bb use_row_as_full_screen_section=\u00bbyes\u00bb type=\u00bbgrid\u00bb angled_section=\u00bbno\u00bb text_align=\u00bbleft\u00bb background_image_as_pattern=\u00bbwithout_pattern\u00bb css=\u00bb.vc_custom_1537801935183{padding-top: 70px !important;padding-bottom: 70px !important;}\u00bb z_index=\u00bb\u00bb el_class=\u00bbmodul-3&#8243;][vc_column width=\u00bb2\/3&#8243; el_class=\u00bbassessor\u00bb offset=\u00bbvc_col-lg-offset-2 vc_col-md-offset-2 vc_col-sm-offset-2&#8243;][vc_column_text el_class=\u00bbtext-left text-descriptiu-3&#8243;]<\/p>\n<h5>ATENCI\u00d3N AL CLIENTE<\/h5>\n<p>[\/vc_column_text][vc_column_text el_class=\u00bbtext-left text-descriptiu-3&#8243;]<\/p>\n<h1>Asesoramiento gratuito<\/h1>\n<p>Si est\u00e1 interesado en saber las diferentes posibilidades constructivas de las barandillas que fabricamos en Met\u00e0l\u00b7liques Grabalosa o necesita m\u00e1s informaci\u00f3n, p\u00f3ngase en contacto con nosotros y le asesoraremos gratuitamente para encontrar la opci\u00f3n m\u00e1s adecuada a sus necesidades.[\/vc_column_text][vc_row_inner row_type=\u00bbrow\u00bb type=\u00bbfull_width\u00bb text_align=\u00bbleft\u00bb css_animation=\u00bb\u00bb css=\u00bb.vc_custom_1528016690302{margin-top: 40px !important;}\u00bb][vc_column_inner width=\u00bb1\/2&#8243;]\n\n\t<a href=\"https:\/\/grabalosa.com\/finestres\/contacte\/#formulari\" target=\"_self\" style=\"color: #ffffff;background-color: #1d1d1b;font-size: 16px;font-weight: 300;text-transform: uppercase;font-style: normal\" class=\"qode-btn qode-btn-medium qode-btn-solid qode-btn-custom-hover-bg qode-btn-custom-hover-color qode-btn-icon boto-assessor spu-open-3230 qode-btn-default-hover\" data-hover-bg-color=\"#555555\" data-hover-color=\"#f2f2f2\" >\n\t    <span class=\"qode-btn-text\">CONT\u00c1CTENOS<\/span><span class=\"qode-button-v2-icon-holder\" style=\"font-size: 16px\" ><i class=\"qode_icon_font_awesome fa fa-envelope qode-button-v2-icon-holder-inner\" ><\/i><\/span>\t<\/a>\n\n[\/vc_column_inner][vc_column_inner width=\u00bb1\/2&#8243;]\n\n\t<a href=\"tel:+34972788028\" target=\"_self\" style=\"color: #ffffff;background-color: #1d1d1b;font-size: 16px;font-weight: 300;text-transform: uppercase;font-style: normal\" class=\"qode-btn qode-btn-medium qode-btn-solid qode-btn-custom-hover-bg qode-btn-custom-hover-color qode-btn-icon boto-assessor qode-btn-default-hover\" data-hover-bg-color=\"#555555\" data-hover-color=\"#f2f2f2\" >\n\t    <span class=\"qode-btn-text\">(34) 972 788 028<\/span><span class=\"qode-button-v2-icon-holder\" style=\"font-size: 16px\" ><i class=\"qode_icon_font_awesome fa fa-phone qode-button-v2-icon-holder-inner\" ><\/i><\/span>\t<\/a>\n\n[\/vc_column_inner][\/vc_row_inner][\/vc_column][\/vc_row]<\/p>\n<\/div>","protected":false},"excerpt":{"rendered":"<p>[vc_row css_animation=\u00bb\u00bb row_type=\u00bbrow\u00bb use_row_as_full_screen_section=\u00bbyes\u00bb type=\u00bbgrid\u00bb angled_section=\u00bbno\u00bb text_align=\u00bbleft\u00bb background_image_as_pattern=\u00bbwithout_pattern\u00bb css=\u00bb.vc_custom_1580754480044{padding-bottom: 20px !important;background-color: #ececec !important;}\u00bb z_index=\u00bb\u00bb el_class=\u00bbtitol-producte flex-section flex-section-600&#8243;][vc_column el_class=\u00bbtext-producte\u00bb offset=\u00bbvc_col-lg-6 vc_col-md-6 vc_col-xs-12&#8243;][vc_column_text] Barandillas minimalistas [\/vc_column_text][vc_column_text el_class=\u00bbicones-text-titol\u00bb] Resistencia y durabilidad Dise\u00f1o y funcionalidad [\/vc_column_text][\/vc_column][vc_column el_class=\u00bbimatge-producte\u00bb offset=\u00bbvc_col-lg-6 vc_col-md-6 vc_col-xs-12&#8243;][vc_single_image image=\u00bb3953&#8243; img_size=\u00bbfull\u00bb alignment=\u00bbcenter\u00bb qode_css_animation=\u00bb\u00bb el_class=\u00bbimatge-caract-2&#8243;][\/vc_column][\/vc_row][vc_row css_animation=\u00bb\u00bb row_type=\u00bbrow\u00bb use_row_as_full_screen_section=\u00bbno\u00bb type=\u00bbgrid\u00bb&#8230;<\/p>\n","protected":false},"author":1,"featured_media":0,"parent":3778,"menu_order":4,"comment_status":"closed","ping_status":"closed","template":"full_width.php","meta":{"footnotes":""},"class_list":["post-3908","page","type-page","status-publish","hentry"],"aioseo_notices":[],"_links":{"self":[{"href":"https:\/\/grabalosa.com\/finestres\/es\/wp-json\/wp\/v2\/pages\/3908","targetHints":{"allow":["GET"]}}],"collection":[{"href":"https:\/\/grabalosa.com\/finestres\/es\/wp-json\/wp\/v2\/pages"}],"about":[{"href":"https:\/\/grabalosa.com\/finestres\/es\/wp-json\/wp\/v2\/types\/page"}],"author":[{"embeddable":true,"href":"https:\/\/grabalosa.com\/finestres\/es\/wp-json\/wp\/v2\/users\/1"}],"replies":[{"embeddable":true,"href":"https:\/\/grabalosa.com\/finestres\/es\/wp-json\/wp\/v2\/comments?post=3908"}],"version-history":[{"count":0,"href":"https:\/\/grabalosa.com\/finestres\/es\/wp-json\/wp\/v2\/pages\/3908\/revisions"}],"up":[{"embeddable":true,"href":"https:\/\/grabalosa.com\/finestres\/es\/wp-json\/wp\/v2\/pages\/3778"}],"wp:attachment":[{"href":"https:\/\/grabalosa.com\/finestres\/es\/wp-json\/wp\/v2\/media?parent=3908"}],"curies":[{"name":"wp","href":"https:\/\/api.w.org\/{rel}","templated":true}]}}